{"id":1009,"date":"2024-05-30T15:11:09","date_gmt":"2024-05-30T13:11:09","guid":{"rendered":"https:\/\/www.abades-delasombralaluz.com\/?page_id=1009"},"modified":"2024-05-30T15:11:09","modified_gmt":"2024-05-30T13:11:09","slug":"politique-de-confidentialite","status":"publish","type":"page","link":"https:\/\/www.abades-delasombralaluz.com\/fr\/politique-de-confidentialite\/","title":{"rendered":"Politique de confidentialit\u00e9"},"content":{"rendered":"<p align=\"justify\"><span style=\"font-family: Times New Roman, serif;\"><span style=\"font-size: medium;\"><span style=\"color: #333333;\"><span style=\"font-family: Calibri, serif;\"><b>Politique de confidentialit\u00e9<\/b><\/span><\/span><\/span><\/span><\/p>\n<p align=\"justify\"><span style=\"color: #333333;\"><span style=\"font-size: medium;\">A. Introduction<\/span><\/span><\/p>\n<p align=\"justify\"><span style=\"color: #333333;\"><span style=\"font-size: medium;\">La confidentialit\u00e9 des visiteurs de notre site web est tr\u00e8s importante \u00e0 nos yeux, et nous nous engageons \u00e0 la prot\u00e9ger. Cette politique d\u00e9taille ce que nous faisons de vos informations personnelles.<\/span><\/span><\/p>\n<p align=\"justify\"><span style=\"color: #333333;\"><span style=\"font-size: medium;\">Consentir \u00e0 notre utilisation de cookies en accord avec cette politique lors de votre premi\u00e8re visite de notre site web nous permet d\u2019utiliser des cookies \u00e0 chaque fois que vous consultez notre site.<\/span><\/span><\/p>\n<p align=\"justify\"><span style=\"color: #333333;\"><span style=\"font-size: medium;\">B. Source<\/span><\/span><\/p>\n<p align=\"justify\"><span style=\"color: #333333;\"><span style=\"font-size: medium;\">Ce document a \u00e9t\u00e9 cr\u00e9\u00e9 gr\u00e2ce \u00e0 un mod\u00e8le de SEQ Legal.<\/span><\/span><\/p>\n<p align=\"justify\"><span style=\"color: #333333;\"><span style=\"font-size: medium;\">C. Collecte d\u2019informations personnelles<\/span><\/span><\/p>\n<p align=\"justify\"><span style=\"color: #333333;\"><span style=\"font-size: medium;\">Les informations personnelles suivantes peuvent collect\u00e9s, stock\u00e9es et utilis\u00e9es :<\/span><\/span><\/p>\n<ul>\n<li>\n<p align=\"justify\"><span style=\"color: #333333;\"><span style=\"font-size: medium;\">informations comme votre nom et votre adresse email, que vous saisissez pour nous contacter.<\/span><\/span><\/p>\n<\/li>\n<li>\n<p align=\"justify\"><span style=\"color: #333333;\"><span style=\"font-size: medium;\">informations relatives aux r\u00e9servations que vous faites sur notre site, qui incluent votre nom, adresse, num\u00e9ro de t\u00e9l\u00e9phone, adresse email et informations bancaires.<\/span><\/span><\/p>\n<\/li>\n<\/ul>\n<p align=\"justify\"><span style=\"color: #333333;\"><span style=\"font-size: medium;\">Avant de nous divulguer des informations personnelles concernant une autre personne, vous devez obtenir le consentement de ladite personne en ce qui concerne la divulgation et le traitement de ses informations personnelles.<\/span><\/span><\/p>\n<p align=\"justify\"><span style=\"font-family: Times New Roman, serif;\"><span style=\"font-size: medium;\"><span style=\"color: #333333;\"><span style=\"font-family: Calibri, serif;\">D. Utilisation de vos informations personnelles<\/span><\/span><\/span><\/span><\/p>\n<p align=\"justify\"><span style=\"font-family: Times New Roman, serif;\"><span style=\"font-size: medium;\"><span style=\"color: #333333;\"><span style=\"font-family: Calibri, serif;\">Les informations personnelles qui nous sont fournies par le biais de notre site web seront utilis\u00e9es dans les objectifs d\u00e9crits dans cette politique. Nous pouvons utiliser vos informations personnelles pour\u00a0:<\/span><\/span><\/span><\/span><\/p>\n<ul>\n<li>\n<p align=\"justify\"><span style=\"font-family: Times New Roman, serif;\"><span style=\"font-size: medium;\"><span style=\"color: #333333;\"><span style=\"font-family: Calibri, serif;\">Permettre votre utilisation des services propos\u00e9s sur notre site web.<\/span><\/span><\/span><\/span><\/p>\n<\/li>\n<li>\n<p align=\"justify\"><span style=\"font-family: Times New Roman, serif;\"><span style=\"font-size: medium;\"><span style=\"color: #333333;\"><span style=\"font-family: Calibri, serif;\">Vous envoyer des factures et des rappels de paiement, ainsi que collecter vos paiements.<\/span><\/span><\/span><\/span><\/p>\n<\/li>\n<li>\n<p align=\"justify\"><span style=\"font-family: Times New Roman, serif;\"><span style=\"font-size: medium;\"><span style=\"color: #333333;\"><span style=\"font-family: Calibri, serif;\">Vous envoyer des notifications par email que vous avez express\u00e9ment demand\u00e9es.<\/span><\/span><\/span><\/span><\/p>\n<\/li>\n<li>\n<p align=\"justify\"><span style=\"font-family: Times New Roman, serif;\"><span style=\"font-size: medium;\"><span style=\"color: #333333;\"><span style=\"font-family: Calibri, serif;\">Vous envoyer des communications marketing relatives \u00e0 notre site web.<\/span><\/span><\/span><\/span><\/p>\n<\/li>\n<li>\n<p align=\"justify\"><span style=\"font-family: Times New Roman, serif;\"><span style=\"font-size: medium;\"><span style=\"color: #333333;\"><span style=\"font-family: Calibri, serif;\">Traiter les demandes et les r\u00e9clamations relatives \u00e0 votre site web effectu\u00e9es par vous ou vous concernant.<\/span><\/span><\/span><\/span><\/p>\n<\/li>\n<li>\n<p align=\"justify\"><span style=\"font-family: Times New Roman, serif;\"><span style=\"font-size: medium;\"><span style=\"color: #333333;\"><span style=\"font-family: Calibri, serif;\">Maintenir la s\u00e9curit\u00e9 de notre site web et emp\u00eacher la fraude.<\/span><\/span><\/span><\/span><\/p>\n<\/li>\n<\/ul>\n<p align=\"justify\"><span style=\"font-family: Times New Roman, serif;\"><span style=\"font-size: medium;\"><span style=\"color: #333333;\"><span style=\"font-family: Calibri, serif;\">E. Divulgation de vos informations personnelles<\/span><\/span><\/span><\/span><\/p>\n<p align=\"justify\"><span style=\"font-family: Times New Roman, serif;\"><span style=\"font-size: medium;\"><span style=\"color: #333333;\"><span style=\"font-family: Calibri, serif;\">Nous pouvons divulguer vos informations personnelles :<\/span><\/span><\/span><\/span><\/p>\n<ul>\n<li>\n<p align=\"justify\"><span style=\"font-family: Times New Roman, serif;\"><span style=\"font-size: medium;\"><span style=\"color: #333333;\"><span style=\"font-family: Calibri, serif;\">dans la mesure o\u00f9 nous sommes tenus de le faire par la loi.<\/span><\/span><\/span><\/span><\/p>\n<\/li>\n<li>\n<p align=\"justify\"><span style=\"font-family: Times New Roman, serif;\"><span style=\"font-size: medium;\"><span style=\"color: #333333;\"><span style=\"font-family: Calibri, serif;\">dans le cadre de toute proc\u00e9dure judiciaire en cours ou \u00e0 venir.<\/span><\/span><\/span><\/span><\/p>\n<\/li>\n<li>\n<p align=\"justify\"><span style=\"font-family: Times New Roman, serif;\"><span style=\"font-size: medium;\"><span style=\"color: #333333;\"><span style=\"font-family: Calibri, serif;\">pour \u00e9tablir, exercer ou d\u00e9fendre nos droits l\u00e9gaux (y compris fournir des informations \u00e0 d\u2019autres \u00e0 des fins de pr\u00e9vention des fraudes).<\/span><\/span><\/span><\/span><\/p>\n<\/li>\n<\/ul>\n<p align=\"justify\"><span style=\"font-family: Times New Roman, serif;\"><span style=\"font-size: medium;\"><span style=\"color: #333333;\"><span style=\"font-family: Calibri, serif;\">F. Transferts internationaux de donn\u00e9es<\/span><\/span><\/span><\/span><\/p>\n<p align=\"justify\"><span style=\"font-family: Times New Roman, serif;\"><span style=\"font-size: medium;\"><span style=\"color: #333333;\"><span style=\"font-family: Calibri, serif;\">Les informations personnelles que vous transmettez via notre site web peuvent \u00eatre disponibles, via internet, dans le monde entier. Nous ne pouvons emp\u00eacher l\u2019utilisation, bonne ou mauvaise, de ces informations par des tiers.<\/span><\/span><\/span><\/span><\/p>\n<p align=\"justify\"><span style=\"font-family: Times New Roman, serif;\"><span style=\"font-size: medium;\"><span style=\"color: #333333;\"><span style=\"font-family: Calibri, serif;\">Vous acceptez express\u00e9ment le transfert d\u2019informations personnelles d\u00e9crit dans cette Section F.<\/span><\/span><\/span><\/span><\/p>\n<p align=\"justify\"><span style=\"font-family: Times New Roman, serif;\"><span style=\"font-size: medium;\"><span style=\"color: #333333;\"><span style=\"font-family: Calibri, serif;\">G. Conservation de vos informations personnelles<\/span><\/span><\/span><\/span><\/p>\n<p align=\"justify\"><span style=\"font-family: Times New Roman, serif;\"><span style=\"font-size: medium;\"><span style=\"color: #333333;\"><span style=\"font-family: Calibri, serif;\">Cette Section G d\u00e9taille nos politiques de conservation des donn\u00e9es et nos proc\u00e9dures, con\u00e7ues pour nous aider \u00e0 nous conformer \u00e0 nos obligations l\u00e9gales concernant la conservation et la suppression d\u2019informations personnelles.<\/span><\/span><\/span><\/span><\/p>\n<p align=\"justify\"><span style=\"font-family: Times New Roman, serif;\"><span style=\"font-size: medium;\"><span style=\"color: #333333;\"><span style=\"font-family: Calibri, serif;\">Les informations personnelles que nous traitons \u00e0 quelque fin que ce soit ne sont pas conserv\u00e9es plus longtemps que n\u00e9cessaire.<\/span><\/span><\/span><\/span><\/p>\n<p align=\"justify\"><span style=\"font-family: Times New Roman, serif;\"><span style=\"font-size: medium;\"><span style=\"color: #333333;\"><span style=\"font-family: Calibri, serif;\">Nonobstant les autres dispositions de cette Section G, nous conserverons des documents (y compris des documents \u00e9lectroniques) contenant des donn\u00e9es personnelles dans la mesure o\u00f9 nous sommes tenus de le faire par la loi.<\/span><\/span><\/span><\/span><\/p>\n<p align=\"justify\"><span style=\"font-family: Times New Roman, serif;\"><span style=\"font-size: medium;\"><span style=\"color: #333333;\"><span style=\"font-family: Calibri, serif;\">H. S\u00e9curit\u00e9 de vos informations personnelles<\/span><\/span><\/span><\/span><\/p>\n<p align=\"justify\"><span style=\"font-family: Times New Roman, serif;\"><span style=\"font-size: medium;\"><span style=\"color: #333333;\"><span style=\"font-family: Calibri, serif;\">Nous prendrons des pr\u00e9cautions techniques et organisationnelles raisonnables pour emp\u00eacher la perte, l\u2019abus ou l\u2019alt\u00e9ration de vos informations personnelles.<\/span><\/span><\/span><\/span><\/p>\n<p align=\"justify\"><span style=\"font-family: Times New Roman, serif;\"><span style=\"font-size: medium;\"><span style=\"color: #333333;\"><span style=\"font-family: Calibri, serif;\">Toutes les transactions financi\u00e8res \u00e9lectroniques effectu\u00e9es par le biais de notre site web seront prot\u00e9g\u00e9es par des technologies ad\u00e9quates.<\/span><\/span><\/span><\/span><\/p>\n<p align=\"justify\"><span style=\"font-family: Times New Roman, serif;\"><span style=\"font-size: medium;\"><span style=\"color: #333333;\"><span style=\"font-family: Calibri, serif;\">Vous reconnaissez que la transmission d\u2019informations par internet est intrins\u00e8quement non s\u00e9curis\u00e9e, et que nous ne pouvons pas garantir la s\u00e9curit\u00e9 de vos donn\u00e9es envoy\u00e9es par internet.<\/span><\/span><\/span><\/span><\/p>\n<p align=\"justify\"><span style=\"font-family: Times New Roman, serif;\"><span style=\"font-size: medium;\"><span style=\"color: #333333;\"><span style=\"font-family: Calibri, serif;\">I. Amendements<\/span><\/span><\/span><\/span><\/p>\n<p align=\"justify\"><span style=\"font-family: Times New Roman, serif;\"><span style=\"font-size: medium;\"><span style=\"color: #333333;\"><span style=\"font-family: Calibri, serif;\">Nous pouvons parfois mettre cette politique \u00e0 jour en publiant une nouvelle version sur notre site web.<\/span><\/span><\/span><\/span><\/p>\n<p align=\"justify\"><span style=\"font-family: Times New Roman, serif;\"><span style=\"font-size: medium;\"><span style=\"color: #333333;\"><span style=\"font-family: Calibri, serif;\">J. Cookies<\/span><\/span><\/span><\/span><\/p>\n<p align=\"justify\"><span style=\"font-family: Times New Roman, serif;\"><span style=\"font-size: medium;\"><span style=\"color: #333333;\"><span style=\"font-family: Calibri, serif;\">Notre site web utilise des cookies.<\/span><\/span><\/span><\/span><\/p>\n<p align=\"justify\"><span style=\"font-family: Times New Roman, serif;\"><span style=\"font-size: medium;\"><span style=\"color: #333333;\"><span style=\"font-family: Calibri, serif;\">Supprimer les cookies aura un impact n\u00e9gatif sur l\u2019utilisation de nombreux sites web.<\/span><\/span><\/span><\/span><\/p>\n","protected":false},"excerpt":{"rendered":"<p>Politique de confidentialit\u00e9 A. Introduction La confidentialit\u00e9 des visiteurs de notre site web est tr\u00e8s importante \u00e0 nos yeux, et nous nous engageons \u00e0 la prot\u00e9ger. Cette politique d\u00e9taille ce que nous faisons de vos informations personnelles. Consentir \u00e0 notre utilisation de cookies en accord avec cette politique lors de votre premi\u00e8re visite de notre [&hellip;]<\/p>\n","protected":false},"author":1,"featured_media":0,"parent":0,"menu_order":0,"comment_status":"closed","ping_status":"closed","template":"","meta":{"_monsterinsights_skip_tracking":false,"_monsterinsights_sitenote_active":false,"_monsterinsights_sitenote_note":"","_monsterinsights_sitenote_category":0,"footnotes":""},"class_list":["post-1009","page","type-page","status-publish","hentry"],"yoast_head":"<!-- This site is optimized with the Yoast SEO plugin v26.6 - https:\/\/yoast.com\/wordpress\/plugins\/seo\/ -->\n<title>Politique de confidentialit\u00e9 - Villa de la Sombra a la Luz<\/title>\n<meta name=\"robots\" content=\"index, follow, max-snippet:-1, max-image-preview:large, max-video-preview:-1\" \/>\n<link rel=\"canonical\" href=\"https:\/\/www.abades-delasombralaluz.com\/fr\/politique-de-confidentialite\/\" \/>\n<meta property=\"og:locale\" content=\"fr_FR\" \/>\n<meta property=\"og:type\" content=\"article\" \/>\n<meta property=\"og:title\" content=\"Politique de confidentialit\u00e9 - Villa de la Sombra a la Luz\" \/>\n<meta property=\"og:description\" content=\"Politique de confidentialit\u00e9 A. Introduction La confidentialit\u00e9 des visiteurs de notre site web est tr\u00e8s importante \u00e0 nos yeux, et nous nous engageons \u00e0 la prot\u00e9ger. Cette politique d\u00e9taille ce que nous faisons de vos informations personnelles. Consentir \u00e0 notre utilisation de cookies en accord avec cette politique lors de votre premi\u00e8re visite de notre [&hellip;]\" \/>\n<meta property=\"og:url\" content=\"https:\/\/www.abades-delasombralaluz.com\/fr\/politique-de-confidentialite\/\" \/>\n<meta property=\"og:site_name\" content=\"Villa de la Sombra a la Luz\" \/>\n<meta name=\"twitter:card\" content=\"summary_large_image\" \/>\n<meta name=\"twitter:label1\" content=\"Dur\u00e9e de lecture estim\u00e9e\" \/>\n\t<meta name=\"twitter:data1\" content=\"3 minutes\" \/>\n<script type=\"application\/ld+json\" class=\"yoast-schema-graph\">{\"@context\":\"https:\/\/schema.org\",\"@graph\":[{\"@type\":\"WebPage\",\"@id\":\"https:\/\/www.abades-delasombralaluz.com\/fr\/politique-de-confidentialite\/\",\"url\":\"https:\/\/www.abades-delasombralaluz.com\/fr\/politique-de-confidentialite\/\",\"name\":\"Politique de confidentialit\u00e9 - Villa de la Sombra a la Luz\",\"isPartOf\":{\"@id\":\"https:\/\/www.abades-delasombralaluz.com\/es\/#website\"},\"datePublished\":\"2024-05-30T13:11:09+00:00\",\"breadcrumb\":{\"@id\":\"https:\/\/www.abades-delasombralaluz.com\/fr\/politique-de-confidentialite\/#breadcrumb\"},\"inLanguage\":\"fr-FR\",\"potentialAction\":[{\"@type\":\"ReadAction\",\"target\":[\"https:\/\/www.abades-delasombralaluz.com\/fr\/politique-de-confidentialite\/\"]}]},{\"@type\":\"BreadcrumbList\",\"@id\":\"https:\/\/www.abades-delasombralaluz.com\/fr\/politique-de-confidentialite\/#breadcrumb\",\"itemListElement\":[{\"@type\":\"ListItem\",\"position\":1,\"name\":\"Accueil\",\"item\":\"https:\/\/www.abades-delasombralaluz.com\/fr\/\"},{\"@type\":\"ListItem\",\"position\":2,\"name\":\"Politique de confidentialit\u00e9\"}]},{\"@type\":\"WebSite\",\"@id\":\"https:\/\/www.abades-delasombralaluz.com\/es\/#website\",\"url\":\"https:\/\/www.abades-delasombralaluz.com\/es\/\",\"name\":\"Villa de la Sombra a la Luz\",\"description\":\"Location de vacances\",\"publisher\":{\"@id\":\"https:\/\/www.abades-delasombralaluz.com\/es\/#organization\"},\"potentialAction\":[{\"@type\":\"SearchAction\",\"target\":{\"@type\":\"EntryPoint\",\"urlTemplate\":\"https:\/\/www.abades-delasombralaluz.com\/es\/?s={search_term_string}\"},\"query-input\":{\"@type\":\"PropertyValueSpecification\",\"valueRequired\":true,\"valueName\":\"search_term_string\"}}],\"inLanguage\":\"fr-FR\"},{\"@type\":\"Organization\",\"@id\":\"https:\/\/www.abades-delasombralaluz.com\/es\/#organization\",\"name\":\"Villa de la Sombra a la Luz\",\"url\":\"https:\/\/www.abades-delasombralaluz.com\/es\/\",\"logo\":{\"@type\":\"ImageObject\",\"inLanguage\":\"fr-FR\",\"@id\":\"https:\/\/www.abades-delasombralaluz.com\/es\/#\/schema\/logo\/image\/\",\"url\":\"https:\/\/www.abades-delasombralaluz.com\/wp-content\/uploads\/2024\/05\/logo-villa-abades.png\",\"contentUrl\":\"https:\/\/www.abades-delasombralaluz.com\/wp-content\/uploads\/2024\/05\/logo-villa-abades.png\",\"width\":150,\"height\":120,\"caption\":\"Villa de la Sombra a la Luz\"},\"image\":{\"@id\":\"https:\/\/www.abades-delasombralaluz.com\/es\/#\/schema\/logo\/image\/\"}}]}<\/script>\n<!-- \/ Yoast SEO plugin. -->","yoast_head_json":{"title":"Politique de confidentialit\u00e9 - Villa de la Sombra a la Luz","robots":{"index":"index","follow":"follow","max-snippet":"max-snippet:-1","max-image-preview":"max-image-preview:large","max-video-preview":"max-video-preview:-1"},"canonical":"https:\/\/www.abades-delasombralaluz.com\/fr\/politique-de-confidentialite\/","og_locale":"fr_FR","og_type":"article","og_title":"Politique de confidentialit\u00e9 - Villa de la Sombra a la Luz","og_description":"Politique de confidentialit\u00e9 A. Introduction La confidentialit\u00e9 des visiteurs de notre site web est tr\u00e8s importante \u00e0 nos yeux, et nous nous engageons \u00e0 la prot\u00e9ger. Cette politique d\u00e9taille ce que nous faisons de vos informations personnelles. Consentir \u00e0 notre utilisation de cookies en accord avec cette politique lors de votre premi\u00e8re visite de notre [&hellip;]","og_url":"https:\/\/www.abades-delasombralaluz.com\/fr\/politique-de-confidentialite\/","og_site_name":"Villa de la Sombra a la Luz","twitter_card":"summary_large_image","twitter_misc":{"Dur\u00e9e de lecture estim\u00e9e":"3 minutes"},"schema":{"@context":"https:\/\/schema.org","@graph":[{"@type":"WebPage","@id":"https:\/\/www.abades-delasombralaluz.com\/fr\/politique-de-confidentialite\/","url":"https:\/\/www.abades-delasombralaluz.com\/fr\/politique-de-confidentialite\/","name":"Politique de confidentialit\u00e9 - Villa de la Sombra a la Luz","isPartOf":{"@id":"https:\/\/www.abades-delasombralaluz.com\/es\/#website"},"datePublished":"2024-05-30T13:11:09+00:00","breadcrumb":{"@id":"https:\/\/www.abades-delasombralaluz.com\/fr\/politique-de-confidentialite\/#breadcrumb"},"inLanguage":"fr-FR","potentialAction":[{"@type":"ReadAction","target":["https:\/\/www.abades-delasombralaluz.com\/fr\/politique-de-confidentialite\/"]}]},{"@type":"BreadcrumbList","@id":"https:\/\/www.abades-delasombralaluz.com\/fr\/politique-de-confidentialite\/#breadcrumb","itemListElement":[{"@type":"ListItem","position":1,"name":"Accueil","item":"https:\/\/www.abades-delasombralaluz.com\/fr\/"},{"@type":"ListItem","position":2,"name":"Politique de confidentialit\u00e9"}]},{"@type":"WebSite","@id":"https:\/\/www.abades-delasombralaluz.com\/es\/#website","url":"https:\/\/www.abades-delasombralaluz.com\/es\/","name":"Villa de la Sombra a la Luz","description":"Location de vacances","publisher":{"@id":"https:\/\/www.abades-delasombralaluz.com\/es\/#organization"},"potentialAction":[{"@type":"SearchAction","target":{"@type":"EntryPoint","urlTemplate":"https:\/\/www.abades-delasombralaluz.com\/es\/?s={search_term_string}"},"query-input":{"@type":"PropertyValueSpecification","valueRequired":true,"valueName":"search_term_string"}}],"inLanguage":"fr-FR"},{"@type":"Organization","@id":"https:\/\/www.abades-delasombralaluz.com\/es\/#organization","name":"Villa de la Sombra a la Luz","url":"https:\/\/www.abades-delasombralaluz.com\/es\/","logo":{"@type":"ImageObject","inLanguage":"fr-FR","@id":"https:\/\/www.abades-delasombralaluz.com\/es\/#\/schema\/logo\/image\/","url":"https:\/\/www.abades-delasombralaluz.com\/wp-content\/uploads\/2024\/05\/logo-villa-abades.png","contentUrl":"https:\/\/www.abades-delasombralaluz.com\/wp-content\/uploads\/2024\/05\/logo-villa-abades.png","width":150,"height":120,"caption":"Villa de la Sombra a la Luz"},"image":{"@id":"https:\/\/www.abades-delasombralaluz.com\/es\/#\/schema\/logo\/image\/"}}]}},"_links":{"self":[{"href":"https:\/\/www.abades-delasombralaluz.com\/fr\/wp-json\/wp\/v2\/pages\/1009","targetHints":{"allow":["GET"]}}],"collection":[{"href":"https:\/\/www.abades-delasombralaluz.com\/fr\/wp-json\/wp\/v2\/pages"}],"about":[{"href":"https:\/\/www.abades-delasombralaluz.com\/fr\/wp-json\/wp\/v2\/types\/page"}],"author":[{"embeddable":true,"href":"https:\/\/www.abades-delasombralaluz.com\/fr\/wp-json\/wp\/v2\/users\/1"}],"replies":[{"embeddable":true,"href":"https:\/\/www.abades-delasombralaluz.com\/fr\/wp-json\/wp\/v2\/comments?post=1009"}],"version-history":[{"count":0,"href":"https:\/\/www.abades-delasombralaluz.com\/fr\/wp-json\/wp\/v2\/pages\/1009\/revisions"}],"wp:attachment":[{"href":"https:\/\/www.abades-delasombralaluz.com\/fr\/wp-json\/wp\/v2\/media?parent=1009"}],"curies":[{"name":"wp","href":"https:\/\/api.w.org\/{rel}","templated":true}]}}