{"id":1001,"date":"2024-05-30T14:57:57","date_gmt":"2024-05-30T12:57:57","guid":{"rendered":"https:\/\/www.abades-delasombralaluz.com\/?page_id=1001"},"modified":"2024-05-30T14:57:57","modified_gmt":"2024-05-30T12:57:57","slug":"mentions-legales","status":"publish","type":"page","link":"https:\/\/www.abades-delasombralaluz.com\/fr\/mentions-legales\/","title":{"rendered":"Mentions L\u00e9gales"},"content":{"rendered":"<p align=\"justify\"><span style=\"font-family: Times New Roman, serif;\"><span style=\"font-size: medium;\"><span style=\"color: #333333;\"><span style=\"font-family: Calibri, serif;\"><b>Mentions L\u00e9gales<\/b><\/span><\/span><\/span><\/span><\/p>\n<p align=\"justify\"><span style=\"font-family: Times New Roman, serif;\"><span style=\"font-size: medium;\"><span style=\"color: #333333;\"><span style=\"font-family: Calibri, serif;\"><u>Traitement des donn\u00e9es personnelles<\/u><\/span><\/span><\/span><\/span><\/p>\n<p align=\"justify\"><span style=\"font-family: Times New Roman, serif;\"><span style=\"font-size: medium;\"><span style=\"color: #333333;\"><span style=\"font-family: Calibri, serif;\">Les messages \u00e9lectroniques envoy\u00e9s \u00e0 \u00ab\u00a0Villa de la sombra a la Luz\u00a0\u00bb et les adresses \u00e9lectroniques utilis\u00e9es pour l\u2019envoi d\u2019informations compl\u00e9mentaires sont susceptibles d\u2019\u00eatre conserv\u00e9es. Les informations recueillies pourront faire l\u2019objet d\u2019un traitement informatique. Conform\u00e9ment \u00e0 la \u00ab\u00a0Loi Organique n\u00b0 3\/2018 du 05\/12\/2018, relative \u00e0 la Protection des Donn\u00e9es \u00e0 Caract\u00e8re Personnel et la Garantie des Droits Num\u00e9riques\u00a0\u00bb, vous b\u00e9n\u00e9ficiez d\u2019un droit d\u2019acc\u00e8s et de rectification aux informations qui vous concernent, que vous pouvez exercer en vous adressant par courrier postal \u00e0 \u00ab\u00a0Villa de la Sombra a la Luz\u00a0\u00bb. Vous pouvez \u00e9galement, pour des motifs l\u00e9gitimes, vous opposer au traitement des donn\u00e9es vous concernant.<\/span><\/span><\/span><\/span><\/p>\n<p align=\"justify\"><span style=\"font-family: Times New Roman, serif;\"><span style=\"font-size: medium;\"><span style=\"color: #333333;\"><span style=\"font-family: Calibri, serif;\"><u>Responsabilit\u00e9<\/u><\/span><\/span><\/span><\/span><\/p>\n<p align=\"justify\"><span style=\"font-family: Times New Roman, serif;\"><span style=\"font-size: medium;\"><span style=\"color: #333333;\"><span style=\"font-family: Calibri, serif;\">Les liens hypertextes vers d\u2019autres sites internet n\u2019engagent pas la responsabilit\u00e9 de \u00ab\u00a0Villa de la Sombra a la Luz\u00a0\u00bb quant au contenu de ces sites. L\u2019acc\u00e8s \u00e0 tous les autres sites Internet li\u00e9s \u00e0 ce site web se fait aux risques de l\u2019utilisateur. \u00ab\u00a0Villa de la Sombra a la Luz\u00a0\u00bb ne pourra pas \u00eatre tenu pour responsable des dommages directs ou indirects r\u00e9sultant de l\u2019utilisation de ce site web, ou de l\u2019impossibilit\u00e9 pour un tiers de l\u2019utiliser, ou d\u2019un mauvais fonctionnement, d\u2019une interruption, d\u2019un virus, r\u00e9sultant de l\u2019acc\u00e8s \u00e0 ce site, ou de son utilisation, de m\u00eame que pour tous les sites qui lui sont li\u00e9s.<\/span><\/span><\/span><\/span><\/p>\n<p align=\"justify\"><span style=\"font-family: Times New Roman, serif;\"><span style=\"font-size: medium;\"><span style=\"color: #333333;\"><span style=\"font-family: Calibri, serif;\"><u>Droit de reproduction<\/u><\/span><\/span><\/span><\/span><\/p>\n<p align=\"justify\"><span style=\"font-family: Times New Roman, serif;\"><span style=\"font-size: medium;\"><span style=\"color: #333333;\"><span style=\"font-family: Calibri, serif;\">Toute copie de pages de m\u00eame que toute cr\u00e9ation de liens avec le site internet \u00ab\u00a0Villa de la Sombra a la Luz\u00a0\u00bb doit faire l\u2019objet au pr\u00e9alable d\u2019une demande d\u2019autorisation au Responsable de la publication.<\/span><\/span><\/span><\/span><\/p>\n<p align=\"justify\"><span style=\"font-family: Times New Roman, serif;\"><span style=\"font-size: medium;\"><span style=\"color: #333333;\"><span style=\"font-family: Calibri, serif;\"><u>Copyright<\/u><\/span><\/span><\/span><\/span><\/p>\n<p align=\"justify\"><span style=\"font-family: Times New Roman, serif;\"><span style=\"font-size: medium;\"><span style=\"color: #333333;\"><span style=\"font-family: Calibri, serif;\">Toutes les pages de ce site web sont prot\u00e9g\u00e9es par les droits d\u2019auteurs fran\u00e7ais et la l\u00e9gislation sur la protection des bases de donn\u00e9es. Aucune reproduction de ce document, m\u00eame partielle, autres que celles pr\u00e9vues \u00e0 l\u2019article L 122-5 du Code de la propri\u00e9t\u00e9 intellectuelle fran\u00e7ais, ne peut \u00eatre faite sans l\u2019autorisation expresse de l\u2019\u00e9diteur.<\/span><\/span><\/span><\/span><\/p>\n<p align=\"justify\"><span style=\"font-family: Times New Roman, serif;\"><span style=\"font-size: medium;\"><span style=\"color: #333333;\"><span style=\"font-family: Calibri, serif;\"><u>Compatibilit\u00e9 et performances<\/u><\/span><\/span><\/span><\/span><\/p>\n<p align=\"justify\"><span style=\"font-family: Times New Roman, serif;\"><span style=\"font-size: medium;\"><span style=\"color: #333333;\"><span style=\"font-family: Calibri, serif;\">Ce site a \u00e9t\u00e9 con\u00e7u en utilisant les techniques du responsive web design. Sa mise en page s\u2019adapte automatiquement au navigateur du visiteur, quel que soit le terminal utilis\u00e9 : ordinateurs de bureaux ou portables, tablettes, smartphones\u2026<\/span><\/span><\/span><\/span><\/p>\n<p align=\"justify\"><span style=\"font-family: Times New Roman, serif;\"><span style=\"font-size: medium;\"><span style=\"color: #333333;\"><span style=\"font-family: Calibri, serif;\">Il dispose \u00e9galement d\u2019une feuille de styles d\u2019impression papier et respecte les standards de qualit\u00e9 web actuels. Tous les navigateurs r\u00e9cents (2015) sont support\u00e9s.<\/span><\/span><\/span><\/span><\/p>\n<p align=\"justify\"><span style=\"font-family: Times New Roman, serif;\"><span style=\"font-size: medium;\"><span style=\"color: #333333;\"><span style=\"font-family: Calibri, serif;\"><u>Responsable de la publication<\/u><\/span><\/span><\/span><\/span><\/p>\n<p align=\"justify\"><span style=\"font-family: Times New Roman, serif;\"><span style=\"font-size: medium;\"><span style=\"color: #333333;\"><span style=\"font-family: Calibri, serif;\">Henriette Marie Dolores FERNANDEZ \u00c9pouse MATHIAS<\/span><\/span><\/span><\/span><\/p>\n<p align=\"justify\"><span style=\"font-family: Times New Roman, serif;\"><span style=\"font-size: medium;\"><span style=\"color: #333333;\"><span style=\"font-family: Calibri, serif;\"><span lang=\"es-ES\">Calle La Puntilla N\u00b0 34 \u2013 ABADES<\/span><\/span><\/span><\/span><\/span><\/p>\n<p align=\"justify\"><span style=\"font-family: Times New Roman, serif;\"><span style=\"font-size: medium;\"><span style=\"color: #333333;\"><span style=\"font-family: Calibri, serif;\"><span lang=\"es-ES\">38588 ARICO &#8211; Espagne<\/span><\/span><\/span><\/span><\/span><\/p>\n<p align=\"justify\"><span style=\"font-family: Times New Roman, serif;\"><span style=\"font-size: medium;\"><span style=\"color: #333333;\"><span style=\"font-family: Calibri, serif;\">+34\u00a0603\u00a0273\u00a0167<\/span><\/span><\/span><\/span><\/p>\n<p align=\"justify\"><a name=\"_Hlk164696529\"><\/a> <span style=\"font-family: Times New Roman, serif;\"><span style=\"font-size: medium;\"><span style=\"color: #333333;\"><span style=\"font-family: Calibri, serif;\">Email\u00a0: <\/span><\/span><span style=\"color: #0000ff;\"><u><a href=\"mailto:contact@abades-delasombralaluz.com\"><span style=\"font-family: Calibri, serif;\">contact@abades-delasombralaluz.com<\/span><\/a><\/u><\/span> <\/span><\/span><\/p>\n<p align=\"justify\"><span style=\"font-family: Times New Roman, serif;\"><span style=\"font-size: medium;\"><span style=\"color: #333333;\"><span style=\"font-family: Calibri, serif;\"><u>Cr\u00e9ation du Site<\/u><\/span><\/span><\/span><\/span><\/p>\n<p align=\"justify\"><span style=\"font-family: Times New Roman, serif;\"><span style=\"font-size: medium;\"><span style=\"color: #333333;\"><span style=\"font-family: Calibri, serif;\">Agence Layeux<\/span><\/span><\/span><\/span><\/p>\n<p align=\"justify\"><span style=\"font-family: Times New Roman, serif;\"><span style=\"font-size: medium;\"><span style=\"color: #333333;\"><span style=\"font-family: Calibri, serif;\">73590 La Giettaz &#8211; France<\/span><\/span><\/span><\/span><\/p>\n<p align=\"justify\"><span style=\"font-family: Times New Roman, serif;\"><span style=\"font-size: medium;\"><span style=\"color: #333333;\"><span style=\"font-family: Calibri, serif;\">+33 685\u00a0282 331<\/span><\/span><\/span><\/span><\/p>\n<p align=\"justify\"><span style=\"font-family: Times New Roman, serif;\"><span style=\"font-size: medium;\"><span style=\"color: #333333;\"><span style=\"font-family: Calibri, serif;\"><span lang=\"es-ES\"><u>Cr\u00e9dit photos<\/u><\/span><\/span><\/span><\/span><\/span><\/p>\n<p align=\"justify\"><span style=\"font-family: Times New Roman, serif;\"><span style=\"font-size: medium;\"><span style=\"color: #333333;\"><span style=\"font-family: Calibri, serif;\"><span lang=\"es-ES\">Villa de la Sombra a la Luz &#8211; Adobe Stock<\/span><\/span><\/span><\/span><\/span><\/p>\n<p align=\"justify\"><span style=\"font-family: Times New Roman, serif;\"><span style=\"font-size: medium;\"><span style=\"color: #333333;\"><span style=\"font-family: Calibri, serif;\"><u>H\u00e9bergement du site<\/u><\/span><\/span><\/span><\/span><\/p>\n<p align=\"justify\"><span style=\"font-family: Times New Roman, serif;\"><span style=\"font-size: medium;\"><span style=\"color: #333333;\"><span style=\"font-family: Calibri, serif;\">Soci\u00e9t\u00e9 OVH, 2 rue Kellermann \u2013 59100 Roubaix \u2013 France<\/span><\/span><\/span><\/span><\/p>\n","protected":false},"excerpt":{"rendered":"<p>Mentions L\u00e9gales Traitement des donn\u00e9es personnelles Les messages \u00e9lectroniques envoy\u00e9s \u00e0 \u00ab\u00a0Villa de la sombra a la Luz\u00a0\u00bb et les adresses \u00e9lectroniques utilis\u00e9es pour l\u2019envoi d\u2019informations compl\u00e9mentaires sont susceptibles d\u2019\u00eatre conserv\u00e9es. Les informations recueillies pourront faire l\u2019objet d\u2019un traitement informatique. Conform\u00e9ment \u00e0 la \u00ab\u00a0Loi Organique n\u00b0 3\/2018 du 05\/12\/2018, relative \u00e0 la Protection des Donn\u00e9es [&hellip;]<\/p>\n","protected":false},"author":1,"featured_media":0,"parent":0,"menu_order":0,"comment_status":"closed","ping_status":"closed","template":"","meta":{"_monsterinsights_skip_tracking":false,"_monsterinsights_sitenote_active":false,"_monsterinsights_sitenote_note":"","_monsterinsights_sitenote_category":0,"footnotes":""},"class_list":["post-1001","page","type-page","status-publish","hentry"],"yoast_head":"<!-- This site is optimized with the Yoast SEO plugin v26.6 - https:\/\/yoast.com\/wordpress\/plugins\/seo\/ -->\n<title>Mentions L\u00e9gales - Villa de la Sombra a la Luz<\/title>\n<meta name=\"robots\" content=\"index, follow, max-snippet:-1, max-image-preview:large, max-video-preview:-1\" \/>\n<link rel=\"canonical\" href=\"https:\/\/www.abades-delasombralaluz.com\/fr\/mentions-legales\/\" \/>\n<meta property=\"og:locale\" content=\"fr_FR\" \/>\n<meta property=\"og:type\" content=\"article\" \/>\n<meta property=\"og:title\" content=\"Mentions L\u00e9gales - Villa de la Sombra a la Luz\" \/>\n<meta property=\"og:description\" content=\"Mentions L\u00e9gales Traitement des donn\u00e9es personnelles Les messages \u00e9lectroniques envoy\u00e9s \u00e0 \u00ab\u00a0Villa de la sombra a la Luz\u00a0\u00bb et les adresses \u00e9lectroniques utilis\u00e9es pour l\u2019envoi d\u2019informations compl\u00e9mentaires sont susceptibles d\u2019\u00eatre conserv\u00e9es. Les informations recueillies pourront faire l\u2019objet d\u2019un traitement informatique. Conform\u00e9ment \u00e0 la \u00ab\u00a0Loi Organique n\u00b0 3\/2018 du 05\/12\/2018, relative \u00e0 la Protection des Donn\u00e9es [&hellip;]\" \/>\n<meta property=\"og:url\" content=\"https:\/\/www.abades-delasombralaluz.com\/fr\/mentions-legales\/\" \/>\n<meta property=\"og:site_name\" content=\"Villa de la Sombra a la Luz\" \/>\n<meta name=\"twitter:card\" content=\"summary_large_image\" \/>\n<meta name=\"twitter:label1\" content=\"Dur\u00e9e de lecture estim\u00e9e\" \/>\n\t<meta name=\"twitter:data1\" content=\"2 minutes\" \/>\n<script type=\"application\/ld+json\" class=\"yoast-schema-graph\">{\"@context\":\"https:\/\/schema.org\",\"@graph\":[{\"@type\":\"WebPage\",\"@id\":\"https:\/\/www.abades-delasombralaluz.com\/fr\/mentions-legales\/\",\"url\":\"https:\/\/www.abades-delasombralaluz.com\/fr\/mentions-legales\/\",\"name\":\"Mentions L\u00e9gales - Villa de la Sombra a la Luz\",\"isPartOf\":{\"@id\":\"https:\/\/www.abades-delasombralaluz.com\/es\/#website\"},\"datePublished\":\"2024-05-30T12:57:57+00:00\",\"breadcrumb\":{\"@id\":\"https:\/\/www.abades-delasombralaluz.com\/fr\/mentions-legales\/#breadcrumb\"},\"inLanguage\":\"fr-FR\",\"potentialAction\":[{\"@type\":\"ReadAction\",\"target\":[\"https:\/\/www.abades-delasombralaluz.com\/fr\/mentions-legales\/\"]}]},{\"@type\":\"BreadcrumbList\",\"@id\":\"https:\/\/www.abades-delasombralaluz.com\/fr\/mentions-legales\/#breadcrumb\",\"itemListElement\":[{\"@type\":\"ListItem\",\"position\":1,\"name\":\"Accueil\",\"item\":\"https:\/\/www.abades-delasombralaluz.com\/fr\/\"},{\"@type\":\"ListItem\",\"position\":2,\"name\":\"Mentions L\u00e9gales\"}]},{\"@type\":\"WebSite\",\"@id\":\"https:\/\/www.abades-delasombralaluz.com\/es\/#website\",\"url\":\"https:\/\/www.abades-delasombralaluz.com\/es\/\",\"name\":\"Villa de la Sombra a la Luz\",\"description\":\"Location de vacances\",\"publisher\":{\"@id\":\"https:\/\/www.abades-delasombralaluz.com\/es\/#organization\"},\"potentialAction\":[{\"@type\":\"SearchAction\",\"target\":{\"@type\":\"EntryPoint\",\"urlTemplate\":\"https:\/\/www.abades-delasombralaluz.com\/es\/?s={search_term_string}\"},\"query-input\":{\"@type\":\"PropertyValueSpecification\",\"valueRequired\":true,\"valueName\":\"search_term_string\"}}],\"inLanguage\":\"fr-FR\"},{\"@type\":\"Organization\",\"@id\":\"https:\/\/www.abades-delasombralaluz.com\/es\/#organization\",\"name\":\"Villa de la Sombra a la Luz\",\"url\":\"https:\/\/www.abades-delasombralaluz.com\/es\/\",\"logo\":{\"@type\":\"ImageObject\",\"inLanguage\":\"fr-FR\",\"@id\":\"https:\/\/www.abades-delasombralaluz.com\/es\/#\/schema\/logo\/image\/\",\"url\":\"https:\/\/www.abades-delasombralaluz.com\/wp-content\/uploads\/2024\/05\/logo-villa-abades.png\",\"contentUrl\":\"https:\/\/www.abades-delasombralaluz.com\/wp-content\/uploads\/2024\/05\/logo-villa-abades.png\",\"width\":150,\"height\":120,\"caption\":\"Villa de la Sombra a la Luz\"},\"image\":{\"@id\":\"https:\/\/www.abades-delasombralaluz.com\/es\/#\/schema\/logo\/image\/\"}}]}<\/script>\n<!-- \/ Yoast SEO plugin. -->","yoast_head_json":{"title":"Mentions L\u00e9gales - Villa de la Sombra a la Luz","robots":{"index":"index","follow":"follow","max-snippet":"max-snippet:-1","max-image-preview":"max-image-preview:large","max-video-preview":"max-video-preview:-1"},"canonical":"https:\/\/www.abades-delasombralaluz.com\/fr\/mentions-legales\/","og_locale":"fr_FR","og_type":"article","og_title":"Mentions L\u00e9gales - Villa de la Sombra a la Luz","og_description":"Mentions L\u00e9gales Traitement des donn\u00e9es personnelles Les messages \u00e9lectroniques envoy\u00e9s \u00e0 \u00ab\u00a0Villa de la sombra a la Luz\u00a0\u00bb et les adresses \u00e9lectroniques utilis\u00e9es pour l\u2019envoi d\u2019informations compl\u00e9mentaires sont susceptibles d\u2019\u00eatre conserv\u00e9es. Les informations recueillies pourront faire l\u2019objet d\u2019un traitement informatique. Conform\u00e9ment \u00e0 la \u00ab\u00a0Loi Organique n\u00b0 3\/2018 du 05\/12\/2018, relative \u00e0 la Protection des Donn\u00e9es [&hellip;]","og_url":"https:\/\/www.abades-delasombralaluz.com\/fr\/mentions-legales\/","og_site_name":"Villa de la Sombra a la Luz","twitter_card":"summary_large_image","twitter_misc":{"Dur\u00e9e de lecture estim\u00e9e":"2 minutes"},"schema":{"@context":"https:\/\/schema.org","@graph":[{"@type":"WebPage","@id":"https:\/\/www.abades-delasombralaluz.com\/fr\/mentions-legales\/","url":"https:\/\/www.abades-delasombralaluz.com\/fr\/mentions-legales\/","name":"Mentions L\u00e9gales - Villa de la Sombra a la Luz","isPartOf":{"@id":"https:\/\/www.abades-delasombralaluz.com\/es\/#website"},"datePublished":"2024-05-30T12:57:57+00:00","breadcrumb":{"@id":"https:\/\/www.abades-delasombralaluz.com\/fr\/mentions-legales\/#breadcrumb"},"inLanguage":"fr-FR","potentialAction":[{"@type":"ReadAction","target":["https:\/\/www.abades-delasombralaluz.com\/fr\/mentions-legales\/"]}]},{"@type":"BreadcrumbList","@id":"https:\/\/www.abades-delasombralaluz.com\/fr\/mentions-legales\/#breadcrumb","itemListElement":[{"@type":"ListItem","position":1,"name":"Accueil","item":"https:\/\/www.abades-delasombralaluz.com\/fr\/"},{"@type":"ListItem","position":2,"name":"Mentions L\u00e9gales"}]},{"@type":"WebSite","@id":"https:\/\/www.abades-delasombralaluz.com\/es\/#website","url":"https:\/\/www.abades-delasombralaluz.com\/es\/","name":"Villa de la Sombra a la Luz","description":"Location de vacances","publisher":{"@id":"https:\/\/www.abades-delasombralaluz.com\/es\/#organization"},"potentialAction":[{"@type":"SearchAction","target":{"@type":"EntryPoint","urlTemplate":"https:\/\/www.abades-delasombralaluz.com\/es\/?s={search_term_string}"},"query-input":{"@type":"PropertyValueSpecification","valueRequired":true,"valueName":"search_term_string"}}],"inLanguage":"fr-FR"},{"@type":"Organization","@id":"https:\/\/www.abades-delasombralaluz.com\/es\/#organization","name":"Villa de la Sombra a la Luz","url":"https:\/\/www.abades-delasombralaluz.com\/es\/","logo":{"@type":"ImageObject","inLanguage":"fr-FR","@id":"https:\/\/www.abades-delasombralaluz.com\/es\/#\/schema\/logo\/image\/","url":"https:\/\/www.abades-delasombralaluz.com\/wp-content\/uploads\/2024\/05\/logo-villa-abades.png","contentUrl":"https:\/\/www.abades-delasombralaluz.com\/wp-content\/uploads\/2024\/05\/logo-villa-abades.png","width":150,"height":120,"caption":"Villa de la Sombra a la Luz"},"image":{"@id":"https:\/\/www.abades-delasombralaluz.com\/es\/#\/schema\/logo\/image\/"}}]}},"_links":{"self":[{"href":"https:\/\/www.abades-delasombralaluz.com\/fr\/wp-json\/wp\/v2\/pages\/1001","targetHints":{"allow":["GET"]}}],"collection":[{"href":"https:\/\/www.abades-delasombralaluz.com\/fr\/wp-json\/wp\/v2\/pages"}],"about":[{"href":"https:\/\/www.abades-delasombralaluz.com\/fr\/wp-json\/wp\/v2\/types\/page"}],"author":[{"embeddable":true,"href":"https:\/\/www.abades-delasombralaluz.com\/fr\/wp-json\/wp\/v2\/users\/1"}],"replies":[{"embeddable":true,"href":"https:\/\/www.abades-delasombralaluz.com\/fr\/wp-json\/wp\/v2\/comments?post=1001"}],"version-history":[{"count":0,"href":"https:\/\/www.abades-delasombralaluz.com\/fr\/wp-json\/wp\/v2\/pages\/1001\/revisions"}],"wp:attachment":[{"href":"https:\/\/www.abades-delasombralaluz.com\/fr\/wp-json\/wp\/v2\/media?parent=1001"}],"curies":[{"name":"wp","href":"https:\/\/api.w.org\/{rel}","templated":true}]}}