{"id":1013,"date":"2024-05-30T15:11:09","date_gmt":"2024-05-30T13:11:09","guid":{"rendered":"https:\/\/www.abades-delasombralaluz.com\/politique-de-confidentialite\/"},"modified":"2024-05-30T15:14:22","modified_gmt":"2024-05-30T13:14:22","slug":"politique-de-confidentialite","status":"publish","type":"page","link":"https:\/\/www.abades-delasombralaluz.com\/es\/politique-de-confidentialite\/","title":{"rendered":"Pol\u00edtica de privacidad"},"content":{"rendered":"<p align=\"justify\"><span style=\"font-family: Times New Roman, serif;\"><span style=\"font-size: medium;\"><span style=\"color: #333333;\"><span style=\"font-family: Calibri, serif;\"><span lang=\"es-ES\"><b>Pol\u00edtica de privacidad<\/b><\/span><\/span><\/span><\/span><\/span><\/p>\n<p align=\"justify\"><span style=\"color: #333333;\"><span style=\"font-size: medium;\"><span lang=\"es-ES\">A. Introducci\u00f3n<\/span><\/span><\/span><\/p>\n<p align=\"justify\"><span style=\"color: #333333;\"><span style=\"font-size: medium;\"><span lang=\"es-ES\">La privacidad de los visitantes de nuestro sitio web es muy importante para nosotros y nos comprometemos a protegerla. Esta pol\u00edtica detalla lo que hacemos con su informaci\u00f3n personal.<\/span><\/span><\/span><\/p>\n<p align=\"justify\"><span style=\"color: #333333;\"><span style=\"font-size: medium;\"><span lang=\"es-ES\">El consentimiento para el uso de cookies de acuerdo con esta pol\u00edtica en su primera visita a nuestro sitio web nos permite utilizar cookies cada vez que visite nuestro sitio.<\/span><\/span><\/span><\/p>\n<p align=\"justify\"><span style=\"color: #333333;\"><span style=\"font-size: medium;\"><span lang=\"es-ES\">B. Fuente<\/span><\/span><\/span><\/p>\n<p align=\"justify\"><span style=\"color: #333333;\"><span style=\"font-size: medium;\"><span lang=\"es-ES\">Este documento ha sido elaborado a partir de un modelo SEQ Legal.<\/span><\/span><\/span><\/p>\n<p align=\"justify\"><span style=\"color: #333333;\"><span style=\"font-size: medium;\"><span lang=\"es-ES\">C. Recogida de informaci\u00f3n personal<\/span><\/span><\/span><\/p>\n<p align=\"justify\"><span style=\"color: #333333;\"><span style=\"font-size: medium;\"><span lang=\"es-ES\">La siguiente informaci\u00f3n personal puede ser recogida, almacenada y utilizada:<\/span><\/span><\/span><\/p>\n<ul>\n<li>\n<p align=\"justify\"><span style=\"font-family: Times New Roman, serif;\"><span style=\"font-size: medium;\"><span style=\"color: #333333;\"><span style=\"font-family: Calibri, serif;\"><span lang=\"es-ES\">Informaci\u00f3nes como su nombre y direcci\u00f3n de correo electr\u00f3nico, que usted introduce para ponerse en contacto con nosotros.<\/span><\/span><\/span><\/span><\/span><\/p>\n<\/li>\n<li>\n<p align=\"justify\"><span style=\"font-family: Times New Roman, serif;\"><span style=\"font-size: medium;\"><span style=\"color: #333333;\"><span style=\"font-family: Calibri, serif;\"><span lang=\"es-ES\">Informaci\u00f3nes relativas a las reservas que realice en nuestro sitio web, que incluye su nombre, direcci\u00f3n, n\u00famero de tel\u00e9fono, direcci\u00f3n de correo electr\u00f3nico y datos bancarios.<\/span><\/span><\/span><\/span><\/span><\/p>\n<\/li>\n<\/ul>\n<p align=\"justify\"><span style=\"color: #333333;\"><span style=\"font-size: medium;\"><span lang=\"es-ES\">Antes de revelarnos informaci\u00f3nes personales sobre otra persona, debe obtener el consentimiento de esa persona para la revelaci\u00f3n y el tratamiento de sus informaci\u00f3nes personales.<\/span><\/span><\/span><\/p>\n<p align=\"justify\"><span style=\"font-family: Times New Roman, serif;\"><span style=\"font-size: medium;\"><span style=\"color: #333333;\"><span style=\"font-family: Calibri, serif;\"><span lang=\"es-ES\">D. Uso de sus informaci\u00f3nes personales<\/span><\/span><\/span><\/span><\/span><\/p>\n<p align=\"justify\"><span style=\"font-family: Times New Roman, serif;\"><span style=\"font-size: medium;\"><span style=\"color: #333333;\"><span style=\"font-family: Calibri, serif;\"><span lang=\"es-ES\">Las informaci\u00f3nes personales que nos proporcionen a trav\u00e9s de nuestro sitio web se utilizar\u00e1 para los fines descritos en esta pol\u00edtica. Podemos utilizar sus informaci\u00f3nes personales para:<\/span><\/span><\/span><\/span><\/span><\/p>\n<ul>\n<li>\n<p align=\"justify\"><span style=\"font-family: Times New Roman, serif;\"><span style=\"font-size: medium;\"><span style=\"color: #333333;\"><span style=\"font-family: Calibri, serif;\"><span lang=\"es-ES\">Para permitirle utilizar los servicios ofrecidos en nuestro sitio web.<\/span><\/span><\/span><\/span><\/span><\/p>\n<\/li>\n<li>\n<p align=\"justify\"><span style=\"font-family: Times New Roman, serif;\"><span style=\"font-size: medium;\"><span style=\"color: #333333;\"><span style=\"font-family: Calibri, serif;\"><span lang=\"es-ES\">Enviarle facturas y recordatorios de pago, y cobrar sus pagos.<\/span><\/span><\/span><\/span><\/span><\/p>\n<\/li>\n<li>\n<p align=\"justify\"><span style=\"font-family: Times New Roman, serif;\"><span style=\"font-size: medium;\"><span style=\"color: #333333;\"><span style=\"font-family: Calibri, serif;\"><span lang=\"es-ES\">Enviarle notificaciones por correo electr\u00f3nico que haya solicitado expresamente.<\/span><\/span><\/span><\/span><\/span><\/p>\n<\/li>\n<li>\n<p align=\"justify\"><span style=\"font-family: Times New Roman, serif;\"><span style=\"font-size: medium;\"><span style=\"color: #333333;\"><span style=\"font-family: Calibri, serif;\"><span lang=\"es-ES\">Enviarle comunicaciones de marketing relacionadas con nuestro sitio web.<\/span><\/span><\/span><\/span><\/span><\/p>\n<\/li>\n<li>\n<p align=\"justify\"><span style=\"font-family: Times New Roman, serif;\"><span style=\"font-size: medium;\"><span style=\"color: #333333;\"><span style=\"font-family: Calibri, serif;\"><span lang=\"es-ES\">Atender las solicitudes y reclamaciones realizadas por usted o sobre usted en relaci\u00f3n con nuestro sitio web.<\/span><\/span><\/span><\/span><\/span><\/p>\n<\/li>\n<li>\n<p align=\"justify\"><span style=\"font-family: Times New Roman, serif;\"><span style=\"font-size: medium;\"><span style=\"color: #333333;\"><span style=\"font-family: Calibri, serif;\"><span lang=\"es-ES\">Mantener la seguridad de nuestro sitio web y prevenir el fraude.<\/span><\/span><\/span><\/span><\/span><\/p>\n<\/li>\n<\/ul>\n<p align=\"justify\"><span style=\"font-family: Times New Roman, serif;\"><span style=\"font-size: medium;\"><span style=\"color: #333333;\"><span style=\"font-family: Calibri, serif;\"><span lang=\"es-ES\">E. Divulgaci\u00f3n de sus informaci\u00f3nes personales<\/span><\/span><\/span><\/span><\/span><\/p>\n<p align=\"justify\"><span style=\"font-family: Times New Roman, serif;\"><span style=\"font-size: medium;\"><span style=\"color: #333333;\"><span style=\"font-family: Calibri, serif;\"><span lang=\"es-ES\">Podemos revelar sus informaci\u00f3nes personales<\/span><\/span><\/span><\/span><\/span><\/p>\n<ul>\n<li>\n<p align=\"justify\"><span style=\"font-family: Times New Roman, serif;\"><span style=\"font-size: medium;\"><span style=\"color: #333333;\"><span style=\"font-family: Calibri, serif;\"><span lang=\"es-ES\">En la medida en que nos lo exija la ley.<\/span><\/span><\/span><\/span><\/span><\/p>\n<\/li>\n<li>\n<p align=\"justify\"><span style=\"font-family: Times New Roman, serif;\"><span style=\"font-size: medium;\"><span style=\"color: #333333;\"><span style=\"font-family: Calibri, serif;\"><span lang=\"es-ES\">En relaci\u00f3n con cualquier procedimiento legal actual o futuro.<\/span><\/span><\/span><\/span><\/span><\/p>\n<\/li>\n<li>\n<p align=\"justify\"><span style=\"font-family: Times New Roman, serif;\"><span style=\"font-size: medium;\"><span style=\"color: #333333;\"><span style=\"font-family: Calibri, serif;\"><span lang=\"es-ES\">Para establecer, ejercer o defender nuestros derechos legales (incluido el suministro de informaci\u00f3n a terceros con fines de prevenci\u00f3n del fraude).<\/span><\/span><\/span><\/span><\/span><\/p>\n<\/li>\n<\/ul>\n<p align=\"justify\"><span style=\"font-family: Times New Roman, serif;\"><span style=\"font-size: medium;\"><span style=\"color: #333333;\"><span style=\"font-family: Calibri, serif;\"><span lang=\"es-ES\">F. Transferencias internacionales de datos<\/span><\/span><\/span><\/span><\/span><\/p>\n<p align=\"justify\"><span style=\"font-family: Times New Roman, serif;\"><span style=\"font-size: medium;\"><span style=\"color: #333333;\"><span style=\"font-family: Calibri, serif;\"><span lang=\"es-ES\">Las informaci\u00f3nes personales que ustedes transmiten a trav\u00e9s de nuestro sitio web pueden estar disponibles, a trav\u00e9s de Internet, en todo el mundo. No podemos impedir el uso, bueno o malo, de estas informaciones por parte de terceros.<\/span><\/span><\/span><\/span><\/span><\/p>\n<p align=\"justify\"><span style=\"font-family: Times New Roman, serif;\"><span style=\"font-size: medium;\"><span style=\"color: #333333;\"><span style=\"font-family: Calibri, serif;\"><span lang=\"es-ES\">Ustedes consienten expresamente la transferencia de informaci\u00f3n personal tal y como se describe en esta Secci\u00f3n F.<\/span><\/span><\/span><\/span><\/span><\/p>\n<p align=\"justify\"><span style=\"font-family: Times New Roman, serif;\"><span style=\"font-size: medium;\"><span style=\"color: #333333;\"><span style=\"font-family: Calibri, serif;\"><span lang=\"es-ES\">G. Conservaci\u00f3n de sus informaci\u00f3nes personales<\/span><\/span><\/span><\/span><\/span><\/p>\n<p align=\"justify\"><span style=\"font-family: Times New Roman, serif;\"><span style=\"font-size: medium;\"><span style=\"color: #333333;\"><span style=\"font-family: Calibri, serif;\"><span lang=\"es-ES\">Esta Secci\u00f3n G detalla nuestras pol\u00edticas y procedimientos de conservaci\u00f3n de datos, dise\u00f1ados para ayudarnos a cumplir con nuestras obligaciones legales en materia de conservaci\u00f3n y eliminaci\u00f3n de informaci\u00f3nes personales.<\/span><\/span><\/span><\/span><\/span><\/p>\n<p align=\"justify\"><span style=\"font-family: Times New Roman, serif;\"><span style=\"font-size: medium;\"><span style=\"color: #333333;\"><span style=\"font-family: Calibri, serif;\"><span lang=\"es-ES\">Las informaci\u00f3nes personales que tratamos con cualquier fin no se conservan m\u00e1s tiempo del necesario.<\/span><\/span><\/span><\/span><\/span><\/p>\n<p align=\"justify\"><span style=\"font-family: Times New Roman, serif;\"><span style=\"font-size: medium;\"><span style=\"color: #333333;\"><span style=\"font-family: Calibri, serif;\"><span lang=\"es-ES\">Sin perjuicio de las dem\u00e1s disposiciones de esta Secci\u00f3n G, conservaremos los registros (incluidos los registros electr\u00f3nicos) que contengan datos personales en la medida en que la ley nos obligue a hacerlo.<\/span><\/span><\/span><\/span><\/span><\/p>\n<p align=\"justify\"><span style=\"font-family: Times New Roman, serif;\"><span style=\"font-size: medium;\"><span style=\"color: #333333;\"><span style=\"font-family: Calibri, serif;\"><span lang=\"es-ES\">H. Seguridad de sus informaci\u00f3nes personales<\/span><\/span><\/span><\/span><\/span><\/p>\n<p align=\"justify\"><span style=\"font-family: Times New Roman, serif;\"><span style=\"font-size: medium;\"><span style=\"color: #333333;\"><span style=\"font-family: Calibri, serif;\"><span lang=\"es-ES\">Tomaremos las precauciones t\u00e9cnicas y organizativas razonables para evitar la p\u00e9rdida, el uso indebido o la <\/span><\/span><\/span><span style=\"color: #333333;\"><span style=\"font-family: Calibri, serif;\"><span lang=\"es-ES\">alteraci\u00f3n de sus informaci\u00f3nes personales.<\/span><\/span><\/span><\/span><\/span><\/p>\n<p align=\"justify\"><span style=\"font-family: Times New Roman, serif;\"><span style=\"font-size: medium;\"><span style=\"color: #333333;\"><span style=\"font-family: Calibri, serif;\"><span lang=\"es-ES\">Todas las transacciones financieras electr\u00f3nicas realizadas a trav\u00e9s de nuestro sitio web estar\u00e1n protegidas por las tecnolog\u00edas adecuadas.<\/span><\/span><\/span><\/span><\/span><\/p>\n<p align=\"justify\"><span style=\"font-family: Times New Roman, serif;\"><span style=\"font-size: medium;\"><span style=\"color: #333333;\"><span style=\"font-family: Calibri, serif;\"><span lang=\"es-ES\">Ustedes reconocen que la transmisi\u00f3n de informaci\u00f3nes a trav\u00e9s de Internet es intr\u00ednsecamente insegura, y que no podemos garantizar la seguridad de sus datos enviados a trav\u00e9s de Internet.<\/span><\/span><\/span><\/span><\/span><\/p>\n<p align=\"justify\"><span style=\"font-family: Times New Roman, serif;\"><span style=\"font-size: medium;\"><span style=\"color: #333333;\"><span style=\"font-family: Calibri, serif;\"><span lang=\"es-ES\">I. Modificaciones<\/span><\/span><\/span><\/span><\/span><\/p>\n<p align=\"justify\"><span style=\"font-family: Times New Roman, serif;\"><span style=\"font-size: medium;\"><span style=\"color: #333333;\"><span style=\"font-family: Calibri, serif;\"><span lang=\"es-ES\">Ocasionalmente podemos actualizar esta pol\u00edtica publicando una nueva versi\u00f3n en nuestro sitio web.<\/span><\/span><\/span><\/span><\/span><\/p>\n<p align=\"justify\"><span style=\"font-family: Times New Roman, serif;\"><span style=\"font-size: medium;\"><span style=\"color: #333333;\"><span style=\"font-family: Calibri, serif;\"><span lang=\"es-ES\">J. Cookies<\/span><\/span><\/span><\/span><\/span><\/p>\n<p align=\"justify\"><span style=\"font-family: Times New Roman, serif;\"><span style=\"font-size: medium;\"><span style=\"color: #333333;\"><span style=\"font-family: Calibri, serif;\"><span lang=\"es-ES\">Nuestro sitio web utiliza cookies.<\/span><\/span><\/span><\/span><\/span><\/p>\n<p align=\"justify\"><span style=\"font-family: Times New Roman, serif;\"><span style=\"font-size: medium;\"><span style=\"color: #333333;\"><span style=\"font-family: Calibri, serif;\"><span lang=\"es-ES\">La eliminaci\u00f3n de cookies tendr\u00e1 un impacto negativo en el uso de muchos sitios web.<\/span><\/span><\/span><\/span><\/span><\/p>\n","protected":false},"excerpt":{"rendered":"<p>Pol\u00edtica de privacidad A. Introducci\u00f3n La privacidad de los visitantes de nuestro sitio web es muy importante para nosotros y nos comprometemos a protegerla. Esta pol\u00edtica detalla lo que hacemos con su informaci\u00f3n personal. El consentimiento para el uso de cookies de acuerdo con esta pol\u00edtica en su primera visita a nuestro sitio web nos [&hellip;]<\/p>\n","protected":false},"author":1,"featured_media":0,"parent":0,"menu_order":0,"comment_status":"closed","ping_status":"closed","template":"","meta":{"_monsterinsights_skip_tracking":false,"_monsterinsights_sitenote_active":false,"_monsterinsights_sitenote_note":"","_monsterinsights_sitenote_category":0,"footnotes":""},"class_list":["post-1013","page","type-page","status-publish","hentry"],"yoast_head":"<!-- This site is optimized with the Yoast SEO plugin v26.6 - https:\/\/yoast.com\/wordpress\/plugins\/seo\/ -->\n<title>Pol\u00edtica de privacidad - Villa de la Sombra a la Luz<\/title>\n<meta name=\"robots\" content=\"index, follow, max-snippet:-1, max-image-preview:large, max-video-preview:-1\" \/>\n<link rel=\"canonical\" href=\"https:\/\/www.abades-delasombralaluz.com\/es\/politique-de-confidentialite\/\" \/>\n<meta property=\"og:locale\" content=\"es_ES\" \/>\n<meta property=\"og:type\" content=\"article\" \/>\n<meta property=\"og:title\" content=\"Pol\u00edtica de privacidad - Villa de la Sombra a la Luz\" \/>\n<meta property=\"og:description\" content=\"Pol\u00edtica de privacidad A. Introducci\u00f3n La privacidad de los visitantes de nuestro sitio web es muy importante para nosotros y nos comprometemos a protegerla. Esta pol\u00edtica detalla lo que hacemos con su informaci\u00f3n personal. El consentimiento para el uso de cookies de acuerdo con esta pol\u00edtica en su primera visita a nuestro sitio web nos [&hellip;]\" \/>\n<meta property=\"og:url\" content=\"https:\/\/www.abades-delasombralaluz.com\/es\/politique-de-confidentialite\/\" \/>\n<meta property=\"og:site_name\" content=\"Villa de la Sombra a la Luz\" \/>\n<meta property=\"article:modified_time\" content=\"2024-05-30T13:14:22+00:00\" \/>\n<meta name=\"twitter:card\" content=\"summary_large_image\" \/>\n<meta name=\"twitter:label1\" content=\"Tiempo de lectura\" \/>\n\t<meta name=\"twitter:data1\" content=\"3 minutos\" \/>\n<script type=\"application\/ld+json\" class=\"yoast-schema-graph\">{\"@context\":\"https:\/\/schema.org\",\"@graph\":[{\"@type\":\"WebPage\",\"@id\":\"https:\/\/www.abades-delasombralaluz.com\/es\/politique-de-confidentialite\/\",\"url\":\"https:\/\/www.abades-delasombralaluz.com\/es\/politique-de-confidentialite\/\",\"name\":\"Pol\u00edtica de privacidad - Villa de la Sombra a la Luz\",\"isPartOf\":{\"@id\":\"https:\/\/www.abades-delasombralaluz.com\/es\/#website\"},\"datePublished\":\"2024-05-30T13:11:09+00:00\",\"dateModified\":\"2024-05-30T13:14:22+00:00\",\"breadcrumb\":{\"@id\":\"https:\/\/www.abades-delasombralaluz.com\/es\/politique-de-confidentialite\/#breadcrumb\"},\"inLanguage\":\"es\",\"potentialAction\":[{\"@type\":\"ReadAction\",\"target\":[\"https:\/\/www.abades-delasombralaluz.com\/es\/politique-de-confidentialite\/\"]}]},{\"@type\":\"BreadcrumbList\",\"@id\":\"https:\/\/www.abades-delasombralaluz.com\/es\/politique-de-confidentialite\/#breadcrumb\",\"itemListElement\":[{\"@type\":\"ListItem\",\"position\":1,\"name\":\"Accueil\",\"item\":\"https:\/\/www.abades-delasombralaluz.com\/es\/\"},{\"@type\":\"ListItem\",\"position\":2,\"name\":\"Pol\u00edtica de privacidad\"}]},{\"@type\":\"WebSite\",\"@id\":\"https:\/\/www.abades-delasombralaluz.com\/es\/#website\",\"url\":\"https:\/\/www.abades-delasombralaluz.com\/es\/\",\"name\":\"Villa de la Sombra a la Luz\",\"description\":\"Location de vacances\",\"publisher\":{\"@id\":\"https:\/\/www.abades-delasombralaluz.com\/es\/#organization\"},\"potentialAction\":[{\"@type\":\"SearchAction\",\"target\":{\"@type\":\"EntryPoint\",\"urlTemplate\":\"https:\/\/www.abades-delasombralaluz.com\/es\/?s={search_term_string}\"},\"query-input\":{\"@type\":\"PropertyValueSpecification\",\"valueRequired\":true,\"valueName\":\"search_term_string\"}}],\"inLanguage\":\"es\"},{\"@type\":\"Organization\",\"@id\":\"https:\/\/www.abades-delasombralaluz.com\/es\/#organization\",\"name\":\"Villa de la Sombra a la Luz\",\"url\":\"https:\/\/www.abades-delasombralaluz.com\/es\/\",\"logo\":{\"@type\":\"ImageObject\",\"inLanguage\":\"es\",\"@id\":\"https:\/\/www.abades-delasombralaluz.com\/es\/#\/schema\/logo\/image\/\",\"url\":\"https:\/\/www.abades-delasombralaluz.com\/wp-content\/uploads\/2024\/05\/logo-villa-abades.png\",\"contentUrl\":\"https:\/\/www.abades-delasombralaluz.com\/wp-content\/uploads\/2024\/05\/logo-villa-abades.png\",\"width\":150,\"height\":120,\"caption\":\"Villa de la Sombra a la Luz\"},\"image\":{\"@id\":\"https:\/\/www.abades-delasombralaluz.com\/es\/#\/schema\/logo\/image\/\"}}]}<\/script>\n<!-- \/ Yoast SEO plugin. -->","yoast_head_json":{"title":"Pol\u00edtica de privacidad - Villa de la Sombra a la Luz","robots":{"index":"index","follow":"follow","max-snippet":"max-snippet:-1","max-image-preview":"max-image-preview:large","max-video-preview":"max-video-preview:-1"},"canonical":"https:\/\/www.abades-delasombralaluz.com\/es\/politique-de-confidentialite\/","og_locale":"es_ES","og_type":"article","og_title":"Pol\u00edtica de privacidad - Villa de la Sombra a la Luz","og_description":"Pol\u00edtica de privacidad A. Introducci\u00f3n La privacidad de los visitantes de nuestro sitio web es muy importante para nosotros y nos comprometemos a protegerla. Esta pol\u00edtica detalla lo que hacemos con su informaci\u00f3n personal. El consentimiento para el uso de cookies de acuerdo con esta pol\u00edtica en su primera visita a nuestro sitio web nos [&hellip;]","og_url":"https:\/\/www.abades-delasombralaluz.com\/es\/politique-de-confidentialite\/","og_site_name":"Villa de la Sombra a la Luz","article_modified_time":"2024-05-30T13:14:22+00:00","twitter_card":"summary_large_image","twitter_misc":{"Tiempo de lectura":"3 minutos"},"schema":{"@context":"https:\/\/schema.org","@graph":[{"@type":"WebPage","@id":"https:\/\/www.abades-delasombralaluz.com\/es\/politique-de-confidentialite\/","url":"https:\/\/www.abades-delasombralaluz.com\/es\/politique-de-confidentialite\/","name":"Pol\u00edtica de privacidad - Villa de la Sombra a la Luz","isPartOf":{"@id":"https:\/\/www.abades-delasombralaluz.com\/es\/#website"},"datePublished":"2024-05-30T13:11:09+00:00","dateModified":"2024-05-30T13:14:22+00:00","breadcrumb":{"@id":"https:\/\/www.abades-delasombralaluz.com\/es\/politique-de-confidentialite\/#breadcrumb"},"inLanguage":"es","potentialAction":[{"@type":"ReadAction","target":["https:\/\/www.abades-delasombralaluz.com\/es\/politique-de-confidentialite\/"]}]},{"@type":"BreadcrumbList","@id":"https:\/\/www.abades-delasombralaluz.com\/es\/politique-de-confidentialite\/#breadcrumb","itemListElement":[{"@type":"ListItem","position":1,"name":"Accueil","item":"https:\/\/www.abades-delasombralaluz.com\/es\/"},{"@type":"ListItem","position":2,"name":"Pol\u00edtica de privacidad"}]},{"@type":"WebSite","@id":"https:\/\/www.abades-delasombralaluz.com\/es\/#website","url":"https:\/\/www.abades-delasombralaluz.com\/es\/","name":"Villa de la Sombra a la Luz","description":"Location de vacances","publisher":{"@id":"https:\/\/www.abades-delasombralaluz.com\/es\/#organization"},"potentialAction":[{"@type":"SearchAction","target":{"@type":"EntryPoint","urlTemplate":"https:\/\/www.abades-delasombralaluz.com\/es\/?s={search_term_string}"},"query-input":{"@type":"PropertyValueSpecification","valueRequired":true,"valueName":"search_term_string"}}],"inLanguage":"es"},{"@type":"Organization","@id":"https:\/\/www.abades-delasombralaluz.com\/es\/#organization","name":"Villa de la Sombra a la Luz","url":"https:\/\/www.abades-delasombralaluz.com\/es\/","logo":{"@type":"ImageObject","inLanguage":"es","@id":"https:\/\/www.abades-delasombralaluz.com\/es\/#\/schema\/logo\/image\/","url":"https:\/\/www.abades-delasombralaluz.com\/wp-content\/uploads\/2024\/05\/logo-villa-abades.png","contentUrl":"https:\/\/www.abades-delasombralaluz.com\/wp-content\/uploads\/2024\/05\/logo-villa-abades.png","width":150,"height":120,"caption":"Villa de la Sombra a la Luz"},"image":{"@id":"https:\/\/www.abades-delasombralaluz.com\/es\/#\/schema\/logo\/image\/"}}]}},"_links":{"self":[{"href":"https:\/\/www.abades-delasombralaluz.com\/es\/wp-json\/wp\/v2\/pages\/1013","targetHints":{"allow":["GET"]}}],"collection":[{"href":"https:\/\/www.abades-delasombralaluz.com\/es\/wp-json\/wp\/v2\/pages"}],"about":[{"href":"https:\/\/www.abades-delasombralaluz.com\/es\/wp-json\/wp\/v2\/types\/page"}],"author":[{"embeddable":true,"href":"https:\/\/www.abades-delasombralaluz.com\/es\/wp-json\/wp\/v2\/users\/1"}],"replies":[{"embeddable":true,"href":"https:\/\/www.abades-delasombralaluz.com\/es\/wp-json\/wp\/v2\/comments?post=1013"}],"version-history":[{"count":0,"href":"https:\/\/www.abades-delasombralaluz.com\/es\/wp-json\/wp\/v2\/pages\/1013\/revisions"}],"wp:attachment":[{"href":"https:\/\/www.abades-delasombralaluz.com\/es\/wp-json\/wp\/v2\/media?parent=1013"}],"curies":[{"name":"wp","href":"https:\/\/api.w.org\/{rel}","templated":true}]}}