{"id":1005,"date":"2024-05-30T14:57:57","date_gmt":"2024-05-30T12:57:57","guid":{"rendered":"https:\/\/www.abades-delasombralaluz.com\/mentions-legales\/"},"modified":"2024-05-30T15:02:07","modified_gmt":"2024-05-30T13:02:07","slug":"mentions-legales","status":"publish","type":"page","link":"https:\/\/www.abades-delasombralaluz.com\/es\/mentions-legales\/","title":{"rendered":"Informaci\u00f3n jur\u00eddica"},"content":{"rendered":"<p align=\"justify\"><span style=\"font-family: Times New Roman, serif;\"><span style=\"font-size: medium;\"><span style=\"color: #333333;\"><span style=\"font-family: Calibri, serif;\"><span lang=\"es-ES\"><b>Informaci\u00f3n jur\u00eddica<\/b><\/span><\/span><\/span><\/span><\/span><\/p>\n<p align=\"justify\"><span style=\"font-family: Times New Roman, serif;\"><span style=\"font-size: medium;\"><span style=\"color: #333333;\"><span style=\"font-family: Calibri, serif;\"><span lang=\"es-ES\"><u>Tratamiento de datos personales<\/u><\/span><\/span><\/span><\/span><\/span><\/p>\n<p align=\"justify\"><span style=\"font-family: Times New Roman, serif;\"><span style=\"font-size: medium;\"><span style=\"color: #333333;\"><span style=\"font-family: Calibri, serif;\"><span lang=\"es-ES\">Los mensajes electr\u00f3nicos enviados a \u00abVilla de la sombra a la Luz\u00bb y las direcciones electr\u00f3nicas utilizadas para enviar informaci\u00f3n adicional podr\u00e1n ser almacenados. La informaci\u00f3n recopilada podr\u00e1 ser procesada electr\u00f3nicamente. De conformidad con la \u00abLey Org\u00e1nica n\u00ba 3\/2018, de 05\/12\/2018, de Protecci\u00f3n de Datos Personales y Garant\u00eda de los Derechos Digitales\u00bb, usted tiene derecho a acceder y rectificar la informaci\u00f3n que le concierne, que puede ejercer enviando una carta a \u00abVilla de la Sombra a la Luz\u00bb. Tambi\u00e9n puede, por motivos leg\u00edtimos, oponerse al tratamiento de los datos que le conciernen.<\/span><\/span><\/span><\/span><\/span><\/p>\n<p align=\"justify\"><span style=\"font-family: Times New Roman, serif;\"><span style=\"font-size: medium;\"><span style=\"color: #333333;\"><span style=\"font-family: Calibri, serif;\"><span lang=\"es-ES\"><u>Responsabilidad<\/u><\/span><\/span><\/span><\/span><\/span><\/p>\n<p align=\"justify\"><span style=\"font-family: Times New Roman, serif;\"><span style=\"font-size: medium;\"><span style=\"color: #333333;\"><span style=\"font-family: Calibri, serif;\"><span lang=\"es-ES\">Villa de la Sombra a la Luz\u00bb no es responsable del contenido de otros sitios de Internet vinculados a este sitio web. El acceso a todos los dem\u00e1s sitios de Internet vinculados a este sitio web se realiza por cuenta y riesgo del usuario. \u00abVilla de la Sombra a la Luz\u00bb no podr\u00e1 ser considerada responsable de cualquier da\u00f1o directo o indirecto resultante del uso de este sitio web, o de la imposibilidad de un tercero de utilizarlo, o de cualquier mal funcionamiento, interrupci\u00f3n o virus resultante del acceso o uso de este sitio web, o de cualquier sitio web vinculado al mismo.<\/span><\/span><\/span><\/span><\/span><\/p>\n<p align=\"justify\"><span style=\"font-family: Times New Roman, serif;\"><span style=\"font-size: medium;\"><span style=\"color: #333333;\"><span style=\"font-family: Calibri, serif;\"><span lang=\"es-ES\"><u>Derecho de reproducci\u00f3n<\/u><\/span><\/span><\/span><\/span><\/span><\/p>\n<p align=\"justify\"><span style=\"font-family: Times New Roman, serif;\"><span style=\"font-size: medium;\"><span style=\"color: #333333;\"><span style=\"font-family: Calibri, serif;\"><span lang=\"es-ES\">Cualquier copia de p\u00e1ginas o creaci\u00f3n de enlaces con el sitio web de la \u00abVilla de la Sombra a la Luz\u00bb deber\u00e1 ser autorizada previamente por el Responsable de la Publicaci\u00f3n.<\/span><\/span><\/span><\/span><\/span><\/p>\n<p align=\"justify\"><span style=\"font-family: Times New Roman, serif;\"><span style=\"font-size: medium;\"><span style=\"color: #333333;\"><span style=\"font-family: Calibri, serif;\"><span lang=\"es-ES\"><u>Copyright<\/u><\/span><\/span><\/span><\/span><\/span><\/p>\n<p align=\"justify\"><span style=\"font-family: Times New Roman, serif;\"><span style=\"font-size: medium;\"><span style=\"color: #333333;\"><span style=\"font-family: Calibri, serif;\"><span lang=\"es-ES\">Todas las p\u00e1ginas de este sitio web est\u00e1n protegidas por la legislaci\u00f3n francesa sobre derechos de autor y protecci\u00f3n de bases de datos. Queda prohibida toda reproducci\u00f3n, incluso parcial, de este documento que no sea la prevista en el art\u00edculo L 122-5 del C\u00f3digo franc\u00e9s de la Propiedad Intelectual, sin la autorizaci\u00f3n expresa del editor.<\/span><\/span><\/span><\/span><\/span><\/p>\n<p align=\"justify\"><span style=\"font-family: Times New Roman, serif;\"><span style=\"font-size: medium;\"><span style=\"color: #333333;\"><span style=\"font-family: Calibri, serif;\"><span lang=\"es-ES\"><u>Compatibilidad y rendimiento<\/u><\/span><\/span><\/span><\/span><\/span><\/p>\n<p align=\"justify\"><span style=\"font-family: Times New Roman, serif;\"><span style=\"font-size: medium;\"><span style=\"color: #333333;\"><span style=\"font-family: Calibri, serif;\"><span lang=\"es-ES\">Este sitio se ha dise\u00f1ado utilizando t\u00e9cnicas de dise\u00f1o web responsivo. Su dise\u00f1o se adapta autom\u00e1ticamente al navegador del visitante, independientemente del terminal utilizado: ordenadores de sobremesa o port\u00e1tiles, tabletas, smartphones, etc.<\/span><\/span><\/span><\/span><\/span><\/p>\n<p align=\"justify\"><span style=\"font-family: Times New Roman, serif;\"><span style=\"font-size: medium;\"><span style=\"color: #333333;\"><span style=\"font-family: Calibri, serif;\"><span lang=\"es-ES\">Tambi\u00e9n dispone de una hoja de estilo de impresi\u00f3n y cumple las normas de calidad web vigentes. Es compatible con todos los navegadores recientes (2015).<\/span><\/span><\/span><\/span><\/span><\/p>\n<p align=\"justify\"><span style=\"font-family: Times New Roman, serif;\"><span style=\"font-size: medium;\"><span style=\"color: #333333;\"><span style=\"font-family: Calibri, serif;\"><span lang=\"es-ES\"><u>Persona responsable de la publicaci\u00f3n<\/u><\/span><\/span><\/span><\/span><\/span><\/p>\n<p align=\"justify\"><span style=\"font-family: Times New Roman, serif;\"><span style=\"font-size: medium;\"><span style=\"color: #333333;\"><span style=\"font-family: Calibri, serif;\">Henriette Marie Dolores FERNANDEZ Epouse MATHIAS<\/span><\/span><\/span><\/span><\/p>\n<p align=\"justify\"><span style=\"font-family: Times New Roman, serif;\"><span style=\"font-size: medium;\"><span style=\"color: #333333;\"><span style=\"font-family: Calibri, serif;\"><span lang=\"es-ES\">Calle La Puntilla N\u00b0 34 \u2013 ABADES<\/span><\/span><\/span><\/span><\/span><\/p>\n<p align=\"justify\"><span style=\"font-family: Times New Roman, serif;\"><span style=\"font-size: medium;\"><span style=\"color: #333333;\"><span style=\"font-family: Calibri, serif;\"><span lang=\"es-ES\">38588 ARICO \u2013 Espa\u00f1a <\/span><\/span><\/span><\/span><\/span><\/p>\n<p align=\"justify\"><span style=\"font-family: Times New Roman, serif;\"><span style=\"font-size: medium;\"><span style=\"color: #333333;\"><span style=\"font-family: Calibri, serif;\"><span lang=\"es-ES\">+34\u00a0603\u00a0273\u00a0167<\/span><\/span><\/span><\/span><\/span><\/p>\n<p align=\"justify\"><span style=\"font-family: Times New Roman, serif;\"><span style=\"font-size: medium;\"><span style=\"color: #333333;\"><span style=\"font-family: Calibri, serif;\"><span lang=\"es-ES\">Email\u00a0: <\/span><\/span><\/span><a href=\"mailto:contact@abades-delasombralaluz.com\"><span style=\"color: #333333;\"><span lang=\"es-ES\">contact@abades-delasombralaluz.com<\/span><\/span><\/a> <\/span><\/span><\/p>\n<p align=\"justify\"><span style=\"font-family: Times New Roman, serif;\"><span style=\"font-size: medium;\"><span style=\"color: #333333;\"><span style=\"font-family: Calibri, serif;\"><span lang=\"es-ES\"><u>Creaci\u00f3n de p\u00e1ginas web<\/u><\/span><\/span><\/span><\/span><\/span><\/p>\n<p align=\"justify\"><span style=\"font-family: Times New Roman, serif;\"><span style=\"font-size: medium;\"><span style=\"color: #333333;\"><span style=\"font-family: Calibri, serif;\">Agence Layeux<\/span><\/span><\/span><\/span><\/p>\n<p align=\"justify\"><span style=\"font-family: Times New Roman, serif;\"><span style=\"font-size: medium;\"><span style=\"color: #333333;\"><span style=\"font-family: Calibri, serif;\">73590 La Giettaz &#8211; Francia<\/span><\/span><\/span><\/span><\/p>\n<p align=\"justify\"><span style=\"font-family: Times New Roman, serif;\"><span style=\"font-size: medium;\"><span style=\"color: #333333;\"><span style=\"font-family: Calibri, serif;\">+33 685\u00a0282 331<\/span><\/span><\/span><\/span><\/p>\n<p align=\"justify\"><span style=\"font-family: Times New Roman, serif;\"><span style=\"font-size: medium;\"><span style=\"color: #333333;\"><span style=\"font-family: Calibri, serif;\"><span lang=\"es-ES\"><u>Fotos<\/u><\/span><\/span><\/span><\/span><\/span><\/p>\n<p align=\"justify\"><span style=\"font-family: Times New Roman, serif;\"><span style=\"font-size: medium;\"><span style=\"color: #333333;\"><span style=\"font-family: Calibri, serif;\"><span lang=\"es-ES\">Villa de la Sombra a la Luz &#8211; Adobe Stock<\/span><\/span><\/span><\/span><\/span><\/p>\n<p align=\"justify\"><span style=\"font-family: Times New Roman, serif;\"><span style=\"font-size: medium;\"><span style=\"color: #333333;\"><span style=\"font-family: Calibri, serif;\"><u>Alojamiento web<\/u><\/span><\/span><\/span><\/span><\/p>\n<p align=\"justify\"><span style=\"font-family: Times New Roman, serif;\"><span style=\"font-size: medium;\"><span style=\"color: #333333;\"><span style=\"font-family: Calibri, serif;\">Soci\u00e9t\u00e9 OVH, 2 rue Kellermann \u2013 59100 Roubaix \u2013 Francia<\/span><\/span><\/span><\/span><\/p>\n","protected":false},"excerpt":{"rendered":"<p>Informaci\u00f3n jur\u00eddica Tratamiento de datos personales Los mensajes electr\u00f3nicos enviados a \u00abVilla de la sombra a la Luz\u00bb y las direcciones electr\u00f3nicas utilizadas para enviar informaci\u00f3n adicional podr\u00e1n ser almacenados. La informaci\u00f3n recopilada podr\u00e1 ser procesada electr\u00f3nicamente. De conformidad con la \u00abLey Org\u00e1nica n\u00ba 3\/2018, de 05\/12\/2018, de Protecci\u00f3n de Datos Personales y Garant\u00eda de [&hellip;]<\/p>\n","protected":false},"author":1,"featured_media":0,"parent":0,"menu_order":0,"comment_status":"closed","ping_status":"closed","template":"","meta":{"_monsterinsights_skip_tracking":false,"_monsterinsights_sitenote_active":false,"_monsterinsights_sitenote_note":"","_monsterinsights_sitenote_category":0,"footnotes":""},"class_list":["post-1005","page","type-page","status-publish","hentry"],"yoast_head":"<!-- This site is optimized with the Yoast SEO plugin v26.6 - https:\/\/yoast.com\/wordpress\/plugins\/seo\/ -->\n<title>Informaci\u00f3n jur\u00eddica - Villa de la Sombra a la Luz<\/title>\n<meta name=\"robots\" content=\"index, follow, max-snippet:-1, max-image-preview:large, max-video-preview:-1\" \/>\n<link rel=\"canonical\" href=\"https:\/\/www.abades-delasombralaluz.com\/es\/mentions-legales\/\" \/>\n<meta property=\"og:locale\" content=\"es_ES\" \/>\n<meta property=\"og:type\" content=\"article\" \/>\n<meta property=\"og:title\" content=\"Informaci\u00f3n jur\u00eddica - Villa de la Sombra a la Luz\" \/>\n<meta property=\"og:description\" content=\"Informaci\u00f3n jur\u00eddica Tratamiento de datos personales Los mensajes electr\u00f3nicos enviados a \u00abVilla de la sombra a la Luz\u00bb y las direcciones electr\u00f3nicas utilizadas para enviar informaci\u00f3n adicional podr\u00e1n ser almacenados. La informaci\u00f3n recopilada podr\u00e1 ser procesada electr\u00f3nicamente. De conformidad con la \u00abLey Org\u00e1nica n\u00ba 3\/2018, de 05\/12\/2018, de Protecci\u00f3n de Datos Personales y Garant\u00eda de [&hellip;]\" \/>\n<meta property=\"og:url\" content=\"https:\/\/www.abades-delasombralaluz.com\/es\/mentions-legales\/\" \/>\n<meta property=\"og:site_name\" content=\"Villa de la Sombra a la Luz\" \/>\n<meta property=\"article:modified_time\" content=\"2024-05-30T13:02:07+00:00\" \/>\n<meta name=\"twitter:card\" content=\"summary_large_image\" \/>\n<meta name=\"twitter:label1\" content=\"Tiempo de lectura\" \/>\n\t<meta name=\"twitter:data1\" content=\"2 minutos\" \/>\n<script type=\"application\/ld+json\" class=\"yoast-schema-graph\">{\"@context\":\"https:\/\/schema.org\",\"@graph\":[{\"@type\":\"WebPage\",\"@id\":\"https:\/\/www.abades-delasombralaluz.com\/es\/mentions-legales\/\",\"url\":\"https:\/\/www.abades-delasombralaluz.com\/es\/mentions-legales\/\",\"name\":\"Informaci\u00f3n jur\u00eddica - Villa de la Sombra a la Luz\",\"isPartOf\":{\"@id\":\"https:\/\/www.abades-delasombralaluz.com\/es\/#website\"},\"datePublished\":\"2024-05-30T12:57:57+00:00\",\"dateModified\":\"2024-05-30T13:02:07+00:00\",\"breadcrumb\":{\"@id\":\"https:\/\/www.abades-delasombralaluz.com\/es\/mentions-legales\/#breadcrumb\"},\"inLanguage\":\"es\",\"potentialAction\":[{\"@type\":\"ReadAction\",\"target\":[\"https:\/\/www.abades-delasombralaluz.com\/es\/mentions-legales\/\"]}]},{\"@type\":\"BreadcrumbList\",\"@id\":\"https:\/\/www.abades-delasombralaluz.com\/es\/mentions-legales\/#breadcrumb\",\"itemListElement\":[{\"@type\":\"ListItem\",\"position\":1,\"name\":\"Accueil\",\"item\":\"https:\/\/www.abades-delasombralaluz.com\/es\/\"},{\"@type\":\"ListItem\",\"position\":2,\"name\":\"Informaci\u00f3n jur\u00eddica\"}]},{\"@type\":\"WebSite\",\"@id\":\"https:\/\/www.abades-delasombralaluz.com\/es\/#website\",\"url\":\"https:\/\/www.abades-delasombralaluz.com\/es\/\",\"name\":\"Villa de la Sombra a la Luz\",\"description\":\"Location de vacances\",\"publisher\":{\"@id\":\"https:\/\/www.abades-delasombralaluz.com\/es\/#organization\"},\"potentialAction\":[{\"@type\":\"SearchAction\",\"target\":{\"@type\":\"EntryPoint\",\"urlTemplate\":\"https:\/\/www.abades-delasombralaluz.com\/es\/?s={search_term_string}\"},\"query-input\":{\"@type\":\"PropertyValueSpecification\",\"valueRequired\":true,\"valueName\":\"search_term_string\"}}],\"inLanguage\":\"es\"},{\"@type\":\"Organization\",\"@id\":\"https:\/\/www.abades-delasombralaluz.com\/es\/#organization\",\"name\":\"Villa de la Sombra a la Luz\",\"url\":\"https:\/\/www.abades-delasombralaluz.com\/es\/\",\"logo\":{\"@type\":\"ImageObject\",\"inLanguage\":\"es\",\"@id\":\"https:\/\/www.abades-delasombralaluz.com\/es\/#\/schema\/logo\/image\/\",\"url\":\"https:\/\/www.abades-delasombralaluz.com\/wp-content\/uploads\/2024\/05\/logo-villa-abades.png\",\"contentUrl\":\"https:\/\/www.abades-delasombralaluz.com\/wp-content\/uploads\/2024\/05\/logo-villa-abades.png\",\"width\":150,\"height\":120,\"caption\":\"Villa de la Sombra a la Luz\"},\"image\":{\"@id\":\"https:\/\/www.abades-delasombralaluz.com\/es\/#\/schema\/logo\/image\/\"}}]}<\/script>\n<!-- \/ Yoast SEO plugin. -->","yoast_head_json":{"title":"Informaci\u00f3n jur\u00eddica - Villa de la Sombra a la Luz","robots":{"index":"index","follow":"follow","max-snippet":"max-snippet:-1","max-image-preview":"max-image-preview:large","max-video-preview":"max-video-preview:-1"},"canonical":"https:\/\/www.abades-delasombralaluz.com\/es\/mentions-legales\/","og_locale":"es_ES","og_type":"article","og_title":"Informaci\u00f3n jur\u00eddica - Villa de la Sombra a la Luz","og_description":"Informaci\u00f3n jur\u00eddica Tratamiento de datos personales Los mensajes electr\u00f3nicos enviados a \u00abVilla de la sombra a la Luz\u00bb y las direcciones electr\u00f3nicas utilizadas para enviar informaci\u00f3n adicional podr\u00e1n ser almacenados. La informaci\u00f3n recopilada podr\u00e1 ser procesada electr\u00f3nicamente. De conformidad con la \u00abLey Org\u00e1nica n\u00ba 3\/2018, de 05\/12\/2018, de Protecci\u00f3n de Datos Personales y Garant\u00eda de [&hellip;]","og_url":"https:\/\/www.abades-delasombralaluz.com\/es\/mentions-legales\/","og_site_name":"Villa de la Sombra a la Luz","article_modified_time":"2024-05-30T13:02:07+00:00","twitter_card":"summary_large_image","twitter_misc":{"Tiempo de lectura":"2 minutos"},"schema":{"@context":"https:\/\/schema.org","@graph":[{"@type":"WebPage","@id":"https:\/\/www.abades-delasombralaluz.com\/es\/mentions-legales\/","url":"https:\/\/www.abades-delasombralaluz.com\/es\/mentions-legales\/","name":"Informaci\u00f3n jur\u00eddica - Villa de la Sombra a la Luz","isPartOf":{"@id":"https:\/\/www.abades-delasombralaluz.com\/es\/#website"},"datePublished":"2024-05-30T12:57:57+00:00","dateModified":"2024-05-30T13:02:07+00:00","breadcrumb":{"@id":"https:\/\/www.abades-delasombralaluz.com\/es\/mentions-legales\/#breadcrumb"},"inLanguage":"es","potentialAction":[{"@type":"ReadAction","target":["https:\/\/www.abades-delasombralaluz.com\/es\/mentions-legales\/"]}]},{"@type":"BreadcrumbList","@id":"https:\/\/www.abades-delasombralaluz.com\/es\/mentions-legales\/#breadcrumb","itemListElement":[{"@type":"ListItem","position":1,"name":"Accueil","item":"https:\/\/www.abades-delasombralaluz.com\/es\/"},{"@type":"ListItem","position":2,"name":"Informaci\u00f3n jur\u00eddica"}]},{"@type":"WebSite","@id":"https:\/\/www.abades-delasombralaluz.com\/es\/#website","url":"https:\/\/www.abades-delasombralaluz.com\/es\/","name":"Villa de la Sombra a la Luz","description":"Location de vacances","publisher":{"@id":"https:\/\/www.abades-delasombralaluz.com\/es\/#organization"},"potentialAction":[{"@type":"SearchAction","target":{"@type":"EntryPoint","urlTemplate":"https:\/\/www.abades-delasombralaluz.com\/es\/?s={search_term_string}"},"query-input":{"@type":"PropertyValueSpecification","valueRequired":true,"valueName":"search_term_string"}}],"inLanguage":"es"},{"@type":"Organization","@id":"https:\/\/www.abades-delasombralaluz.com\/es\/#organization","name":"Villa de la Sombra a la Luz","url":"https:\/\/www.abades-delasombralaluz.com\/es\/","logo":{"@type":"ImageObject","inLanguage":"es","@id":"https:\/\/www.abades-delasombralaluz.com\/es\/#\/schema\/logo\/image\/","url":"https:\/\/www.abades-delasombralaluz.com\/wp-content\/uploads\/2024\/05\/logo-villa-abades.png","contentUrl":"https:\/\/www.abades-delasombralaluz.com\/wp-content\/uploads\/2024\/05\/logo-villa-abades.png","width":150,"height":120,"caption":"Villa de la Sombra a la Luz"},"image":{"@id":"https:\/\/www.abades-delasombralaluz.com\/es\/#\/schema\/logo\/image\/"}}]}},"_links":{"self":[{"href":"https:\/\/www.abades-delasombralaluz.com\/es\/wp-json\/wp\/v2\/pages\/1005","targetHints":{"allow":["GET"]}}],"collection":[{"href":"https:\/\/www.abades-delasombralaluz.com\/es\/wp-json\/wp\/v2\/pages"}],"about":[{"href":"https:\/\/www.abades-delasombralaluz.com\/es\/wp-json\/wp\/v2\/types\/page"}],"author":[{"embeddable":true,"href":"https:\/\/www.abades-delasombralaluz.com\/es\/wp-json\/wp\/v2\/users\/1"}],"replies":[{"embeddable":true,"href":"https:\/\/www.abades-delasombralaluz.com\/es\/wp-json\/wp\/v2\/comments?post=1005"}],"version-history":[{"count":0,"href":"https:\/\/www.abades-delasombralaluz.com\/es\/wp-json\/wp\/v2\/pages\/1005\/revisions"}],"wp:attachment":[{"href":"https:\/\/www.abades-delasombralaluz.com\/es\/wp-json\/wp\/v2\/media?parent=1005"}],"curies":[{"name":"wp","href":"https:\/\/api.w.org\/{rel}","templated":true}]}}