{"id":1012,"date":"2024-05-30T15:11:09","date_gmt":"2024-05-30T13:11:09","guid":{"rendered":"https:\/\/www.abades-delasombralaluz.com\/politique-de-confidentialite\/"},"modified":"2024-05-30T15:17:44","modified_gmt":"2024-05-30T13:17:44","slug":"politique-de-confidentialite","status":"publish","type":"page","link":"https:\/\/www.abades-delasombralaluz.com\/de\/politique-de-confidentialite\/","title":{"rendered":"Datenschutzrichtlinie"},"content":{"rendered":"<p align=\"justify\"><span style=\"font-family: Times New Roman, serif;\"><span style=\"font-size: medium;\"><span style=\"color: #333333;\"><span style=\"font-family: Calibri, serif;\"><b>Datenschutzrichtlinie<\/b><\/span><\/span><\/span><\/span><\/p>\n<p align=\"justify\"><span style=\"color: #333333;\"><span style=\"font-size: medium;\">A. Einleitung<\/span><\/span><\/p>\n<p align=\"justify\"><span style=\"color: #333333;\"><span style=\"font-size: medium;\">Die Privatsph\u00e4re der Besucher unserer Website ist uns sehr wichtig und wir verpflichten uns, sie zu sch\u00fctzen. Diese Richtlinie beschreibt im Einzelnen, was wir mit Ihren pers\u00f6nlichen Daten tun.<\/span><\/span><\/p>\n<p align=\"justify\"><span style=\"color: #333333;\"><span style=\"font-size: medium;\">Wenn Sie bei Ihrem ersten Besuch auf unserer Website unserer Verwendung von Cookies gem\u00e4\u00df dieser Richtlinie zustimmen, k\u00f6nnen wir jedes Mal, wenn Sie unsere Website besuchen, Cookies verwenden.<\/span><\/span><\/p>\n<p align=\"justify\"><span style=\"color: #333333;\"><span style=\"font-size: medium;\">B. Herkunft<\/span><\/span><\/p>\n<p align=\"justify\"><span style=\"color: #333333;\"><span style=\"font-size: medium;\">Dieses Dokument wurde mithilfe einer Vorlage von SEQ Legal erstellt.<\/span><\/span><\/p>\n<p align=\"justify\"><span style=\"color: #333333;\"><span style=\"font-size: medium;\">C. Sammeln von pers\u00f6nlichen Informationen<\/span><\/span><\/p>\n<p align=\"justify\"><span style=\"color: #333333;\"><span style=\"font-size: medium;\">Die folgenden pers\u00f6nlichen Informationen k\u00f6nnen gesammelt, gespeichert und verwendet werden:<\/span><\/span><\/p>\n<ul>\n<li>\n<p align=\"justify\"><span style=\"font-family: Times New Roman, serif;\"><span style=\"font-size: medium;\"><span style=\"color: #333333;\"><span style=\"font-family: Calibri, serif;\">Informationen wie Ihr Name und Ihre E-Mail-Adresse, die Sie eingeben, um mit uns in Kontakt zu treten.<\/span><\/span><\/span><\/span><\/p>\n<\/li>\n<li>\n<p align=\"justify\"><span style=\"font-family: Times New Roman, serif;\"><span style=\"font-size: medium;\"><span style=\"color: #333333;\"><span style=\"font-family: Calibri, serif;\">Informationen \u00fcber die Buchungen, die Sie auf unserer Website vornehmen, die Ihren Namen, Ihre Adresse, Telefonnummer, E-Mail-Adresse und Bankdaten umfassen.<\/span><\/span><\/span><\/span><\/p>\n<\/li>\n<\/ul>\n<p align=\"justify\"><span style=\"color: #333333;\"><span style=\"font-size: medium;\">Bevor Sie uns pers\u00f6nliche Informationen \u00fcber eine andere Person offenlegen, m\u00fcssen Sie die Zustimmung dieser Person zur Offenlegung und Verarbeitung ihrer pers\u00f6nlichen Informationen einholen.<\/span><\/span><\/p>\n<p align=\"justify\"><span style=\"font-family: Times New Roman, serif;\"><span style=\"font-size: medium;\"><span style=\"color: #333333;\"><span style=\"font-family: Calibri, serif;\">D. Verwendung Ihrer pers\u00f6nlichen Informationen<\/span><\/span><\/span><\/span><\/p>\n<p align=\"justify\"><span style=\"font-family: Times New Roman, serif;\"><span style=\"font-size: medium;\"><span style=\"color: #333333;\"><span style=\"font-family: Calibri, serif;\">Die pers\u00f6nlichen Informationen, die uns \u00fcber unsere Website zur Verf\u00fcgung gestellt werden, werden f\u00fcr die in dieser Richtlinie beschriebenen Zwecke verwendet. Wir k\u00f6nnen Ihre pers\u00f6nlichen Informationen verwenden, um :<\/span><\/span><\/span><\/span><\/p>\n<ul>\n<li>\n<p align=\"justify\"><span style=\"font-family: Times New Roman, serif;\"><span style=\"font-size: medium;\"><span style=\"color: #333333;\"><span style=\"font-family: Calibri, serif;\">Ihre Nutzung der auf unserer Website angebotenen Dienste zu erm\u00f6glichen.<\/span><\/span><\/span><\/span><\/p>\n<\/li>\n<li>\n<p align=\"justify\"><span style=\"font-family: Times New Roman, serif;\"><span style=\"font-size: medium;\"><span style=\"color: #333333;\"><span style=\"font-family: Calibri, serif;\">Ihnen Rechnungen und Zahlungserinnerungen zu senden und Ihre Zahlungen einzuziehen.<\/span><\/span><\/span><\/span><\/p>\n<\/li>\n<li>\n<p align=\"justify\"><span style=\"font-family: Times New Roman, serif;\"><span style=\"font-size: medium;\"><span style=\"color: #333333;\"><span style=\"font-family: Calibri, serif;\">Ihnen E-Mail-Benachrichtigungen zu senden, die Sie ausdr\u00fccklich angefordert haben.<\/span><\/span><\/span><\/span><\/p>\n<\/li>\n<li>\n<p align=\"justify\"><span style=\"font-family: Times New Roman, serif;\"><span style=\"font-size: medium;\"><span style=\"color: #333333;\"><span style=\"font-family: Calibri, serif;\">Ihnen Marketingmitteilungen in Bezug auf unsere Website zu senden.<\/span><\/span><\/span><\/span><\/p>\n<\/li>\n<li>\n<p align=\"justify\"><span style=\"font-family: Times New Roman, serif;\"><span style=\"font-size: medium;\"><span style=\"color: #333333;\"><span style=\"font-family: Calibri, serif;\">Bearbeitung von Anfragen und Beschwerden in Bezug auf Ihre Website, die von Ihnen gestellt wurden oder Sie betreffen.<\/span><\/span><\/span><\/span><\/p>\n<\/li>\n<li>\n<p align=\"justify\"><span style=\"font-family: Times New Roman, serif;\"><span style=\"font-size: medium;\"><span style=\"color: #333333;\"><span style=\"font-family: Calibri, serif;\">Aufrechterhaltung der Sicherheit unserer Website und Verhinderung von Betrug.<\/span><\/span><\/span><\/span><\/p>\n<\/li>\n<\/ul>\n<p align=\"justify\"><span style=\"font-family: Times New Roman, serif;\"><span style=\"font-size: medium;\"><span style=\"color: #333333;\"><span style=\"font-family: Calibri, serif;\">E. Offenlegung Ihrer pers\u00f6nlichen Informationen<\/span><\/span><\/span><\/span><\/p>\n<p align=\"justify\"><span style=\"font-family: Times New Roman, serif;\"><span style=\"font-size: medium;\"><span style=\"color: #333333;\"><span style=\"font-family: Calibri, serif;\">Wir k\u00f6nnen Ihre pers\u00f6nlichen Informationen offenlegen :<\/span><\/span><\/span><\/span><\/p>\n<ul>\n<li>\n<p align=\"justify\"><span style=\"font-family: Times New Roman, serif;\"><span style=\"font-size: medium;\"><span style=\"color: #333333;\"><span style=\"font-family: Calibri, serif;\">In dem Umfang, in dem wir gesetzlich dazu verpflichtet sind.<\/span><\/span><\/span><\/span><\/p>\n<\/li>\n<li>\n<p align=\"justify\"><span style=\"font-family: Times New Roman, serif;\"><span style=\"font-size: medium;\"><span style=\"color: #333333;\"><span style=\"font-family: Calibri, serif;\">Im Rahmen eines laufenden oder bevorstehenden Gerichtsverfahrens.<\/span><\/span><\/span><\/span><\/p>\n<\/li>\n<li>\n<p align=\"justify\"><span style=\"font-family: Times New Roman, serif;\"><span style=\"font-size: medium;\"><span style=\"color: #333333;\"><span style=\"font-family: Calibri, serif;\">Um unsere gesetzlichen Rechte zu begr\u00fcnden, auszu\u00fcben oder zu verteidigen (einschlie\u00dflich der Bereitstellung von Informationen an andere zum Zweck der Betrugspr\u00e4vention).<\/span><\/span><\/span><\/span><\/p>\n<\/li>\n<\/ul>\n<p align=\"justify\"><span style=\"font-family: Times New Roman, serif;\"><span style=\"font-size: medium;\"><span style=\"color: #333333;\"><span style=\"font-family: Calibri, serif;\">F. Internationale Daten\u00fcbertragungen<\/span><\/span><\/span><\/span><\/p>\n<p align=\"justify\"><span style=\"font-family: Times New Roman, serif;\"><span style=\"font-size: medium;\"><span style=\"color: #333333;\"><span style=\"font-family: Calibri, serif;\">Die pers\u00f6nlichen Informationen, die Sie \u00fcber unsere Website \u00fcbermitteln, k\u00f6nnen \u00fcber das Internet weltweit verf\u00fcgbar sein. Wir k\u00f6nnen die gute oder schlechte Nutzung dieser Informationen durch Dritte nicht verhindern.<\/span><\/span><\/span><\/span><\/p>\n<p align=\"justify\"><span style=\"font-family: Times New Roman, serif;\"><span style=\"font-size: medium;\"><span style=\"color: #333333;\"><span style=\"font-family: Calibri, serif;\">Sie stimmen der in diesem Abschnitt F beschriebenen \u00dcbertragung personenbezogener Daten ausdr\u00fccklich zu.<\/span><\/span><\/span><\/span><\/p>\n<p align=\"justify\"><span style=\"font-family: Times New Roman, serif;\"><span style=\"font-size: medium;\"><span style=\"color: #333333;\"><span style=\"font-family: Calibri, serif;\">G. Aufbewahrung Ihrer personenbezogenen Daten<\/span><\/span><\/span><\/span><\/p>\n<p align=\"justify\"><span style=\"font-family: Times New Roman, serif;\"><span style=\"font-size: medium;\"><span style=\"color: #333333;\"><span style=\"font-family: Calibri, serif;\">Dieser Abschnitt G enth\u00e4lt Einzelheiten zu unseren Richtlinien zur Datenaufbewahrung und unseren Verfahren, die uns dabei helfen sollen, unseren gesetzlichen Verpflichtungen zur Aufbewahrung und L\u00f6schung pers\u00f6nlicher Informationen nachzukommen.<\/span><\/span><\/span><\/span><\/p>\n<p align=\"justify\"><span style=\"font-family: Times New Roman, serif;\"><span style=\"font-size: medium;\"><span style=\"color: #333333;\"><span style=\"font-family: Calibri, serif;\">Pers\u00f6nliche Informationen, die wir zu irgendeinem Zweck verarbeiten, werden nicht l\u00e4nger als n\u00f6tig aufbewahrt.<\/span><\/span><\/span><\/span><\/p>\n<p align=\"justify\"><span style=\"font-family: Times New Roman, serif;\"><span style=\"font-size: medium;\"><span style=\"color: #333333;\"><span style=\"font-family: Calibri, serif;\">Ungeachtet der anderen Bestimmungen dieses Abschnitts G werden wir Dokumente (einschlie\u00dflich elektronischer Dokumente), die personenbezogene Daten enthalten, in dem Ma\u00dfe aufbewahren, wie wir gesetzlich dazu verpflichtet sind.<\/span><\/span><\/span><\/span><\/p>\n<p align=\"justify\"><span style=\"font-family: Times New Roman, serif;\"><span style=\"font-size: medium;\"><span style=\"color: #333333;\"><span style=\"font-family: Calibri, serif;\">H. Sicherheit Ihrer pers\u00f6nlichen Informationen<\/span><\/span><\/span><\/span><\/p>\n<p align=\"justify\"><span style=\"font-family: Times New Roman, serif;\"><span style=\"font-size: medium;\"><span style=\"color: #333333;\"><span style=\"font-family: Calibri, serif;\">Wir werden angemessene technische und organisatorische Vorsichtsma\u00dfnahmen treffen, um den Verlust, den Missbrauch oder die Ver\u00e4nderung Ihrer pers\u00f6nlichen Informationen zu verhindern.<\/span><\/span><\/span><\/span><\/p>\n<p align=\"justify\"><span style=\"font-family: Times New Roman, serif;\"><span style=\"font-size: medium;\"><span style=\"color: #333333;\"><span style=\"font-family: Calibri, serif;\">Alle elektronischen Finanztransaktionen, die \u00fcber unsere Website abgewickelt werden, werden durch angemessene Technologien gesch\u00fctzt.<\/span><\/span><\/span><\/span><\/p>\n<p align=\"justify\"><span style=\"font-family: Times New Roman, serif;\"><span style=\"font-size: medium;\"><span style=\"color: #333333;\"><span style=\"font-family: Calibri, serif;\">Sie erkennen an, dass die \u00dcbertragung von Informationen \u00fcber das Internet von Natur aus unsicher ist.<\/span><\/span><\/span><\/span><\/p>\n<p align=\"justify\"><span style=\"font-family: Times New Roman, serif;\"><span style=\"font-size: medium;\"><span style=\"color: #333333;\"><span style=\"font-family: Calibri, serif;\">I. \u00c4nderungen<\/span><\/span><\/span><\/span><\/p>\n<p align=\"justify\"><span style=\"font-family: Times New Roman, serif;\"><span style=\"font-size: medium;\"><span style=\"color: #333333;\"><span style=\"font-family: Calibri, serif;\">Wir k\u00f6nnen diese Richtlinie gelegentlich aktualisieren, indem wir eine neue Version auf unserer Website ver\u00f6ffentlichen.<\/span><\/span><\/span><\/span><\/p>\n<p align=\"justify\"><span style=\"font-family: Times New Roman, serif;\"><span style=\"font-size: medium;\"><span style=\"color: #333333;\"><span style=\"font-family: Calibri, serif;\">J. Cookies<\/span><\/span><\/span><\/span><\/p>\n<p align=\"justify\"><span style=\"font-family: Times New Roman, serif;\"><span style=\"font-size: medium;\"><span style=\"color: #333333;\"><span style=\"font-family: Calibri, serif;\">Unsere Website verwendet Cookies.<\/span><\/span><\/span><\/span><\/p>\n<p align=\"justify\"><span style=\"font-family: Times New Roman, serif;\"><span style=\"font-size: medium;\"><span style=\"color: #333333;\"><span style=\"font-family: Calibri, serif;\">Das L\u00f6schen von Cookies hat negative Auswirkungen auf die Nutzung vieler Webseiten.<\/span><\/span><\/span><\/span><\/p>\n","protected":false},"excerpt":{"rendered":"<p>Datenschutzrichtlinie A. Einleitung Die Privatsph\u00e4re der Besucher unserer Website ist uns sehr wichtig und wir verpflichten uns, sie zu sch\u00fctzen. Diese Richtlinie beschreibt im Einzelnen, was wir mit Ihren pers\u00f6nlichen Daten tun. Wenn Sie bei Ihrem ersten Besuch auf unserer Website unserer Verwendung von Cookies gem\u00e4\u00df dieser Richtlinie zustimmen, k\u00f6nnen wir jedes Mal, wenn Sie [&hellip;]<\/p>\n","protected":false},"author":1,"featured_media":0,"parent":0,"menu_order":0,"comment_status":"closed","ping_status":"closed","template":"","meta":{"_monsterinsights_skip_tracking":false,"_monsterinsights_sitenote_active":false,"_monsterinsights_sitenote_note":"","_monsterinsights_sitenote_category":0,"footnotes":""},"class_list":["post-1012","page","type-page","status-publish","hentry"],"yoast_head":"<!-- This site is optimized with the Yoast SEO plugin v26.6 - https:\/\/yoast.com\/wordpress\/plugins\/seo\/ -->\n<title>Datenschutzrichtlinie - Villa de la Sombra a la Luz<\/title>\n<meta name=\"robots\" content=\"index, follow, max-snippet:-1, max-image-preview:large, max-video-preview:-1\" \/>\n<link rel=\"canonical\" href=\"https:\/\/www.abades-delasombralaluz.com\/de\/politique-de-confidentialite\/\" \/>\n<meta property=\"og:locale\" content=\"de_DE\" \/>\n<meta property=\"og:type\" content=\"article\" \/>\n<meta property=\"og:title\" content=\"Datenschutzrichtlinie - Villa de la Sombra a la Luz\" \/>\n<meta property=\"og:description\" content=\"Datenschutzrichtlinie A. Einleitung Die Privatsph\u00e4re der Besucher unserer Website ist uns sehr wichtig und wir verpflichten uns, sie zu sch\u00fctzen. Diese Richtlinie beschreibt im Einzelnen, was wir mit Ihren pers\u00f6nlichen Daten tun. Wenn Sie bei Ihrem ersten Besuch auf unserer Website unserer Verwendung von Cookies gem\u00e4\u00df dieser Richtlinie zustimmen, k\u00f6nnen wir jedes Mal, wenn Sie [&hellip;]\" \/>\n<meta property=\"og:url\" content=\"https:\/\/www.abades-delasombralaluz.com\/de\/politique-de-confidentialite\/\" \/>\n<meta property=\"og:site_name\" content=\"Villa de la Sombra a la Luz\" \/>\n<meta property=\"article:modified_time\" content=\"2024-05-30T13:17:44+00:00\" \/>\n<meta name=\"twitter:card\" content=\"summary_large_image\" \/>\n<meta name=\"twitter:label1\" content=\"Gesch\u00e4tzte Lesezeit\" \/>\n\t<meta name=\"twitter:data1\" content=\"3\u00a0Minuten\" \/>\n<script type=\"application\/ld+json\" class=\"yoast-schema-graph\">{\"@context\":\"https:\/\/schema.org\",\"@graph\":[{\"@type\":\"WebPage\",\"@id\":\"https:\/\/www.abades-delasombralaluz.com\/de\/politique-de-confidentialite\/\",\"url\":\"https:\/\/www.abades-delasombralaluz.com\/de\/politique-de-confidentialite\/\",\"name\":\"Datenschutzrichtlinie - Villa de la Sombra a la Luz\",\"isPartOf\":{\"@id\":\"https:\/\/www.abades-delasombralaluz.com\/es\/#website\"},\"datePublished\":\"2024-05-30T13:11:09+00:00\",\"dateModified\":\"2024-05-30T13:17:44+00:00\",\"breadcrumb\":{\"@id\":\"https:\/\/www.abades-delasombralaluz.com\/de\/politique-de-confidentialite\/#breadcrumb\"},\"inLanguage\":\"de\",\"potentialAction\":[{\"@type\":\"ReadAction\",\"target\":[\"https:\/\/www.abades-delasombralaluz.com\/de\/politique-de-confidentialite\/\"]}]},{\"@type\":\"BreadcrumbList\",\"@id\":\"https:\/\/www.abades-delasombralaluz.com\/de\/politique-de-confidentialite\/#breadcrumb\",\"itemListElement\":[{\"@type\":\"ListItem\",\"position\":1,\"name\":\"Accueil\",\"item\":\"https:\/\/www.abades-delasombralaluz.com\/de\/\"},{\"@type\":\"ListItem\",\"position\":2,\"name\":\"Datenschutzrichtlinie\"}]},{\"@type\":\"WebSite\",\"@id\":\"https:\/\/www.abades-delasombralaluz.com\/es\/#website\",\"url\":\"https:\/\/www.abades-delasombralaluz.com\/es\/\",\"name\":\"Villa de la Sombra a la Luz\",\"description\":\"Location de vacances\",\"publisher\":{\"@id\":\"https:\/\/www.abades-delasombralaluz.com\/es\/#organization\"},\"potentialAction\":[{\"@type\":\"SearchAction\",\"target\":{\"@type\":\"EntryPoint\",\"urlTemplate\":\"https:\/\/www.abades-delasombralaluz.com\/es\/?s={search_term_string}\"},\"query-input\":{\"@type\":\"PropertyValueSpecification\",\"valueRequired\":true,\"valueName\":\"search_term_string\"}}],\"inLanguage\":\"de\"},{\"@type\":\"Organization\",\"@id\":\"https:\/\/www.abades-delasombralaluz.com\/es\/#organization\",\"name\":\"Villa de la Sombra a la Luz\",\"url\":\"https:\/\/www.abades-delasombralaluz.com\/es\/\",\"logo\":{\"@type\":\"ImageObject\",\"inLanguage\":\"de\",\"@id\":\"https:\/\/www.abades-delasombralaluz.com\/es\/#\/schema\/logo\/image\/\",\"url\":\"https:\/\/www.abades-delasombralaluz.com\/wp-content\/uploads\/2024\/05\/logo-villa-abades.png\",\"contentUrl\":\"https:\/\/www.abades-delasombralaluz.com\/wp-content\/uploads\/2024\/05\/logo-villa-abades.png\",\"width\":150,\"height\":120,\"caption\":\"Villa de la Sombra a la Luz\"},\"image\":{\"@id\":\"https:\/\/www.abades-delasombralaluz.com\/es\/#\/schema\/logo\/image\/\"}}]}<\/script>\n<!-- \/ Yoast SEO plugin. -->","yoast_head_json":{"title":"Datenschutzrichtlinie - Villa de la Sombra a la Luz","robots":{"index":"index","follow":"follow","max-snippet":"max-snippet:-1","max-image-preview":"max-image-preview:large","max-video-preview":"max-video-preview:-1"},"canonical":"https:\/\/www.abades-delasombralaluz.com\/de\/politique-de-confidentialite\/","og_locale":"de_DE","og_type":"article","og_title":"Datenschutzrichtlinie - Villa de la Sombra a la Luz","og_description":"Datenschutzrichtlinie A. Einleitung Die Privatsph\u00e4re der Besucher unserer Website ist uns sehr wichtig und wir verpflichten uns, sie zu sch\u00fctzen. Diese Richtlinie beschreibt im Einzelnen, was wir mit Ihren pers\u00f6nlichen Daten tun. Wenn Sie bei Ihrem ersten Besuch auf unserer Website unserer Verwendung von Cookies gem\u00e4\u00df dieser Richtlinie zustimmen, k\u00f6nnen wir jedes Mal, wenn Sie [&hellip;]","og_url":"https:\/\/www.abades-delasombralaluz.com\/de\/politique-de-confidentialite\/","og_site_name":"Villa de la Sombra a la Luz","article_modified_time":"2024-05-30T13:17:44+00:00","twitter_card":"summary_large_image","twitter_misc":{"Gesch\u00e4tzte Lesezeit":"3\u00a0Minuten"},"schema":{"@context":"https:\/\/schema.org","@graph":[{"@type":"WebPage","@id":"https:\/\/www.abades-delasombralaluz.com\/de\/politique-de-confidentialite\/","url":"https:\/\/www.abades-delasombralaluz.com\/de\/politique-de-confidentialite\/","name":"Datenschutzrichtlinie - Villa de la Sombra a la Luz","isPartOf":{"@id":"https:\/\/www.abades-delasombralaluz.com\/es\/#website"},"datePublished":"2024-05-30T13:11:09+00:00","dateModified":"2024-05-30T13:17:44+00:00","breadcrumb":{"@id":"https:\/\/www.abades-delasombralaluz.com\/de\/politique-de-confidentialite\/#breadcrumb"},"inLanguage":"de","potentialAction":[{"@type":"ReadAction","target":["https:\/\/www.abades-delasombralaluz.com\/de\/politique-de-confidentialite\/"]}]},{"@type":"BreadcrumbList","@id":"https:\/\/www.abades-delasombralaluz.com\/de\/politique-de-confidentialite\/#breadcrumb","itemListElement":[{"@type":"ListItem","position":1,"name":"Accueil","item":"https:\/\/www.abades-delasombralaluz.com\/de\/"},{"@type":"ListItem","position":2,"name":"Datenschutzrichtlinie"}]},{"@type":"WebSite","@id":"https:\/\/www.abades-delasombralaluz.com\/es\/#website","url":"https:\/\/www.abades-delasombralaluz.com\/es\/","name":"Villa de la Sombra a la Luz","description":"Location de vacances","publisher":{"@id":"https:\/\/www.abades-delasombralaluz.com\/es\/#organization"},"potentialAction":[{"@type":"SearchAction","target":{"@type":"EntryPoint","urlTemplate":"https:\/\/www.abades-delasombralaluz.com\/es\/?s={search_term_string}"},"query-input":{"@type":"PropertyValueSpecification","valueRequired":true,"valueName":"search_term_string"}}],"inLanguage":"de"},{"@type":"Organization","@id":"https:\/\/www.abades-delasombralaluz.com\/es\/#organization","name":"Villa de la Sombra a la Luz","url":"https:\/\/www.abades-delasombralaluz.com\/es\/","logo":{"@type":"ImageObject","inLanguage":"de","@id":"https:\/\/www.abades-delasombralaluz.com\/es\/#\/schema\/logo\/image\/","url":"https:\/\/www.abades-delasombralaluz.com\/wp-content\/uploads\/2024\/05\/logo-villa-abades.png","contentUrl":"https:\/\/www.abades-delasombralaluz.com\/wp-content\/uploads\/2024\/05\/logo-villa-abades.png","width":150,"height":120,"caption":"Villa de la Sombra a la Luz"},"image":{"@id":"https:\/\/www.abades-delasombralaluz.com\/es\/#\/schema\/logo\/image\/"}}]}},"_links":{"self":[{"href":"https:\/\/www.abades-delasombralaluz.com\/de\/wp-json\/wp\/v2\/pages\/1012","targetHints":{"allow":["GET"]}}],"collection":[{"href":"https:\/\/www.abades-delasombralaluz.com\/de\/wp-json\/wp\/v2\/pages"}],"about":[{"href":"https:\/\/www.abades-delasombralaluz.com\/de\/wp-json\/wp\/v2\/types\/page"}],"author":[{"embeddable":true,"href":"https:\/\/www.abades-delasombralaluz.com\/de\/wp-json\/wp\/v2\/users\/1"}],"replies":[{"embeddable":true,"href":"https:\/\/www.abades-delasombralaluz.com\/de\/wp-json\/wp\/v2\/comments?post=1012"}],"version-history":[{"count":0,"href":"https:\/\/www.abades-delasombralaluz.com\/de\/wp-json\/wp\/v2\/pages\/1012\/revisions"}],"wp:attachment":[{"href":"https:\/\/www.abades-delasombralaluz.com\/de\/wp-json\/wp\/v2\/media?parent=1012"}],"curies":[{"name":"wp","href":"https:\/\/api.w.org\/{rel}","templated":true}]}}