{"id":1004,"date":"2024-05-30T14:57:57","date_gmt":"2024-05-30T12:57:57","guid":{"rendered":"https:\/\/www.abades-delasombralaluz.com\/mentions-legales\/"},"modified":"2024-05-30T15:00:41","modified_gmt":"2024-05-30T13:00:41","slug":"mentions-legales","status":"publish","type":"page","link":"https:\/\/www.abades-delasombralaluz.com\/de\/mentions-legales\/","title":{"rendered":"Rechtliche Hinweise"},"content":{"rendered":"<p align=\"justify\"><span style=\"font-family: Times New Roman, serif;\"><span style=\"font-size: medium;\"><span style=\"color: #333333;\"><span style=\"font-family: Calibri, serif;\"><b>Rechtliche Hinweise<\/b><\/span><\/span><\/span><\/span><\/p>\n<p align=\"justify\"><span style=\"font-family: Times New Roman, serif;\"><span style=\"font-size: medium;\"><span style=\"color: #333333;\"><span style=\"font-family: Calibri, serif;\"><u>Umgang mit pers\u00f6nlichen Daten<\/u><\/span><\/span><\/span><\/span><\/p>\n<p align=\"justify\"><span style=\"font-family: Times New Roman, serif;\"><span style=\"font-size: medium;\"><span style=\"color: #333333;\"><span style=\"font-family: Calibri, serif;\">Die an &#8222;Villa de la sombra a la Luz&#8220; gesendeten E-Mails und die f\u00fcr die Zusendung zus\u00e4tzlicher Informationen verwendeten E-Mail-Adressen k\u00f6nnen gespeichert werden. Die gesammelten Informationen k\u00f6nnen Gegenstand einer elektronischen Verarbeitung sein. Gem\u00e4\u00df dem &#8222;Organgesetz Nr. 3\/2018 vom 05.12.2018 \u00fcber den Schutz personenbezogener Daten und die Gew\u00e4hrleistung digitaler Rechte&#8220; haben Sie ein Recht auf Zugang und Berichtigung der Sie betreffenden Informationen, das Sie per Post an &#8222;Villa de la Sombra a la Luz&#8220; aus\u00fcben k\u00f6nnen. Sie k\u00f6nnen sich auch aus legitimen Gr\u00fcnden der Verarbeitung der Sie betreffenden Daten widersetzen.<\/span><\/span><\/span><\/span><\/p>\n<p align=\"justify\"><span style=\"font-family: Times New Roman, serif;\"><span style=\"font-size: medium;\"><span style=\"color: #333333;\"><span style=\"font-family: Calibri, serif;\"><u>Verantwortung<\/u><\/span><\/span><\/span><\/span><\/p>\n<p align=\"justify\"><span style=\"font-family: Times New Roman, serif;\"><span style=\"font-size: medium;\"><span style=\"color: #333333;\"><span style=\"font-family: Calibri, serif;\">Hyperlinks zu anderen Websites bedeuten nicht, dass &#8222;Villa de la Sombra a la Luz&#8220; f\u00fcr den Inhalt dieser Websites verantwortlich ist. Der Zugriff auf alle anderen Websites, die mit dieser Website verkn\u00fcpft sind, erfolgt auf Risiko des Nutzers. &#8222;Villa de la Sombra a la Luz&#8220; haftet nicht f\u00fcr direkte oder indirekte Sch\u00e4den, die sich aus der Nutzung dieser Website oder der Unm\u00f6glichkeit der Nutzung durch Dritte ergeben, oder f\u00fcr Fehlfunktionen, Unterbrechungen, Viren, die sich aus dem Zugriff auf diese Website oder deren Nutzung ergeben, sowie f\u00fcr alle Websites, die mit dieser Website verlinkt sind.<\/span><\/span><\/span><\/span><\/p>\n<p align=\"justify\"><span style=\"font-family: Times New Roman, serif;\"><span style=\"font-size: medium;\"><span style=\"color: #333333;\"><span style=\"font-family: Calibri, serif;\"><u>Recht auf Vervielf\u00e4ltigung<\/u><\/span><\/span><\/span><\/span><\/p>\n<p align=\"justify\"><span style=\"font-family: Times New Roman, serif;\"><span style=\"font-size: medium;\"><span style=\"color: #333333;\"><span style=\"font-family: Calibri, serif;\">F\u00fcr das Kopieren von Seiten sowie die Erstellung von Links zur Website &#8222;Villa de la Sombra a la Luz&#8220; muss vorab eine Genehmigung beim Verantwortlichen f\u00fcr die Ver\u00f6ffentlichung eingeholt werden.<\/span><\/span><\/span><\/span><\/p>\n<p align=\"justify\"><span style=\"font-family: Times New Roman, serif;\"><span style=\"font-size: medium;\"><span style=\"color: #333333;\"><span style=\"font-family: Calibri, serif;\"><u>Copyright<\/u><\/span><\/span><\/span><\/span><\/p>\n<p align=\"justify\"><span style=\"font-family: Times New Roman, serif;\"><span style=\"font-size: medium;\"><span style=\"color: #333333;\"><span style=\"font-family: Calibri, serif;\">Alle Seiten dieser Website sind durch das franz\u00f6sische Urheberrecht und die Gesetzgebung zum Schutz von Datenbanken gesch\u00fctzt. Eine Vervielf\u00e4ltigung dieses Dokuments, auch auszugsweise, au\u00dfer den in Artikel L 122-5 des franz\u00f6sischen Gesetzes \u00fcber geistiges Eigentum vorgesehenen, ist ohne die ausdr\u00fcckliche Genehmigung des Herausgebers nicht gestattet.<\/span><\/span><\/span><\/span><\/p>\n<p align=\"justify\"><span style=\"font-family: Times New Roman, serif;\"><span style=\"font-size: medium;\"><span style=\"color: #333333;\"><span style=\"font-family: Calibri, serif;\"><u>Kompatibilit\u00e4t und Leistung<\/u><\/span><\/span><\/span><\/span><\/p>\n<p align=\"justify\"><span style=\"font-family: Times New Roman, serif;\"><span style=\"font-size: medium;\"><span style=\"color: #333333;\"><span style=\"font-family: Calibri, serif;\">Diese Website wurde mithilfe der Techniken des responsiven Webdesigns gestaltet. Ihr Seitenlayout passt sich automatisch an den Browser des Besuchers an, unabh\u00e4ngig vom verwendeten Endger\u00e4t: Desktop- oder Laptop-Computer, Tablets, Smartphones usw.<\/span><\/span><\/span><\/span><\/p>\n<p align=\"justify\"><span style=\"font-family: Times New Roman, serif;\"><span style=\"font-size: medium;\"><span style=\"color: #333333;\"><span style=\"font-family: Calibri, serif;\">Er verf\u00fcgt au\u00dferdem \u00fcber einen Stilbogen f\u00fcr den Papierdruck und h\u00e4lt sich an die aktuellen Webqualit\u00e4tsstandards. Alle neueren Browser (2015) werden unterst\u00fctzt.<\/span><\/span><\/span><\/span><\/p>\n<p align=\"justify\"><span style=\"font-family: Times New Roman, serif;\"><span style=\"font-size: medium;\"><span style=\"color: #333333;\"><span style=\"font-family: Calibri, serif;\"><u>Verantwortlich f\u00fcr die Ver\u00f6ffentlichung<\/u><\/span><\/span><\/span><\/span><\/p>\n<p align=\"justify\"><span style=\"font-family: Times New Roman, serif;\"><span style=\"font-size: medium;\"><span style=\"color: #333333;\"><span style=\"font-family: Calibri, serif;\">Henriette Marie Dolores FERNANDEZ Epouse MATHIAS<\/span><\/span><\/span><\/span><\/p>\n<p align=\"justify\"><span style=\"font-family: Times New Roman, serif;\"><span style=\"font-size: medium;\"><span style=\"color: #333333;\"><span style=\"font-family: Calibri, serif;\"><span lang=\"es-ES\">Calle La Puntilla N\u00b0 34 \u2013 ABADES<\/span><\/span><\/span><\/span><\/span><\/p>\n<p align=\"justify\"><span style=\"font-family: Times New Roman, serif;\"><span style=\"font-size: medium;\"><span style=\"color: #333333;\"><span style=\"font-family: Calibri, serif;\"><span lang=\"es-ES\">38588 ARICO &#8211; Spanien<\/span><\/span><\/span><\/span><\/span><\/p>\n<p align=\"justify\"><span style=\"font-family: Times New Roman, serif;\"><span style=\"font-size: medium;\"><span style=\"color: #333333;\"><span style=\"font-family: Calibri, serif;\">T\u00e9l. +34\u00a0603\u00a0273\u00a0167<\/span><\/span><\/span><\/span><\/p>\n<p align=\"justify\"><span style=\"font-family: Times New Roman, serif;\"><span style=\"font-size: medium;\"><span style=\"color: #333333;\"><span style=\"font-family: Calibri, serif;\">Email\u00a0: <\/span><\/span><span style=\"color: #0000ff;\"><u><a href=\"mailto:contact@abades-delasombralaluz.com\"><span style=\"font-family: Calibri, serif;\">contact@abades-delasombralaluz.com<\/span><\/a><\/u><\/span><\/span><\/span><\/p>\n<p align=\"justify\"><span style=\"font-family: Times New Roman, serif;\"><span style=\"font-size: medium;\"><span style=\"color: #333333;\"><span style=\"font-family: Calibri, serif;\"><u>Erstellung der Website<\/u><\/span><\/span><\/span><\/span><\/p>\n<p align=\"justify\"><span style=\"font-family: Times New Roman, serif;\"><span style=\"font-size: medium;\"><span style=\"color: #333333;\"><span style=\"font-family: Calibri, serif;\">Agence Layeux<\/span><\/span><\/span><\/span><\/p>\n<p align=\"justify\"><span style=\"font-family: Times New Roman, serif;\"><span style=\"font-size: medium;\"><span style=\"color: #333333;\"><span style=\"font-family: Calibri, serif;\">73590 La Giettaz &#8211; Frankreich<\/span><\/span><\/span><\/span><\/p>\n<p align=\"justify\"><span style=\"font-family: Times New Roman, serif;\"><span style=\"font-size: medium;\"><span style=\"color: #333333;\"><span style=\"font-family: Calibri, serif;\"><span lang=\"es-ES\">+33 685\u00a0282 331<\/span><\/span><\/span><\/span><\/span><\/p>\n<p align=\"justify\"><span style=\"font-family: Times New Roman, serif;\"><span style=\"font-size: medium;\"><span style=\"color: #333333;\"><span style=\"font-family: Calibri, serif;\"><span lang=\"es-ES\"><u>Bildnachweis<\/u><\/span><\/span><\/span><\/span><\/span><\/p>\n<p align=\"justify\"><span style=\"font-family: Times New Roman, serif;\"><span style=\"font-size: medium;\"><span style=\"color: #333333;\"><span style=\"font-family: Calibri, serif;\"><span lang=\"es-ES\">Villa de la Sombra a la Luz &#8211; Adobe Stock<\/span><\/span><\/span><\/span><\/span><\/p>\n<p align=\"justify\"><span style=\"font-family: Times New Roman, serif;\"><span style=\"font-size: medium;\"><u>Hosting der Website<\/u><\/span><\/span><\/p>\n<p align=\"justify\"><span style=\"font-family: Times New Roman, serif;\"><span style=\"font-size: medium;\"><span style=\"color: #333333;\"><span style=\"font-family: Calibri, serif;\">Soci\u00e9t\u00e9 OVH, 2 rue Kellermann \u2013 59100 Roubaix \u2013 Frankreich<\/span><\/span><\/span><\/span><\/p>\n","protected":false},"excerpt":{"rendered":"<p>Rechtliche Hinweise Umgang mit pers\u00f6nlichen Daten Die an &#8222;Villa de la sombra a la Luz&#8220; gesendeten E-Mails und die f\u00fcr die Zusendung zus\u00e4tzlicher Informationen verwendeten E-Mail-Adressen k\u00f6nnen gespeichert werden. Die gesammelten Informationen k\u00f6nnen Gegenstand einer elektronischen Verarbeitung sein. Gem\u00e4\u00df dem &#8222;Organgesetz Nr. 3\/2018 vom 05.12.2018 \u00fcber den Schutz personenbezogener Daten und die Gew\u00e4hrleistung digitaler Rechte&#8220; [&hellip;]<\/p>\n","protected":false},"author":1,"featured_media":0,"parent":0,"menu_order":0,"comment_status":"closed","ping_status":"closed","template":"","meta":{"_monsterinsights_skip_tracking":false,"_monsterinsights_sitenote_active":false,"_monsterinsights_sitenote_note":"","_monsterinsights_sitenote_category":0,"footnotes":""},"class_list":["post-1004","page","type-page","status-publish","hentry"],"yoast_head":"<!-- This site is optimized with the Yoast SEO plugin v26.6 - https:\/\/yoast.com\/wordpress\/plugins\/seo\/ -->\n<title>Rechtliche Hinweise - Villa de la Sombra a la Luz<\/title>\n<meta name=\"robots\" content=\"index, follow, max-snippet:-1, max-image-preview:large, max-video-preview:-1\" \/>\n<link rel=\"canonical\" href=\"https:\/\/www.abades-delasombralaluz.com\/de\/mentions-legales\/\" \/>\n<meta property=\"og:locale\" content=\"de_DE\" \/>\n<meta property=\"og:type\" content=\"article\" \/>\n<meta property=\"og:title\" content=\"Rechtliche Hinweise - Villa de la Sombra a la Luz\" \/>\n<meta property=\"og:description\" content=\"Rechtliche Hinweise Umgang mit pers\u00f6nlichen Daten Die an &#8222;Villa de la sombra a la Luz&#8220; gesendeten E-Mails und die f\u00fcr die Zusendung zus\u00e4tzlicher Informationen verwendeten E-Mail-Adressen k\u00f6nnen gespeichert werden. Die gesammelten Informationen k\u00f6nnen Gegenstand einer elektronischen Verarbeitung sein. Gem\u00e4\u00df dem &#8222;Organgesetz Nr. 3\/2018 vom 05.12.2018 \u00fcber den Schutz personenbezogener Daten und die Gew\u00e4hrleistung digitaler Rechte&#8220; [&hellip;]\" \/>\n<meta property=\"og:url\" content=\"https:\/\/www.abades-delasombralaluz.com\/de\/mentions-legales\/\" \/>\n<meta property=\"og:site_name\" content=\"Villa de la Sombra a la Luz\" \/>\n<meta property=\"article:modified_time\" content=\"2024-05-30T13:00:41+00:00\" \/>\n<meta name=\"twitter:card\" content=\"summary_large_image\" \/>\n<meta name=\"twitter:label1\" content=\"Gesch\u00e4tzte Lesezeit\" \/>\n\t<meta name=\"twitter:data1\" content=\"2\u00a0Minuten\" \/>\n<script type=\"application\/ld+json\" class=\"yoast-schema-graph\">{\"@context\":\"https:\/\/schema.org\",\"@graph\":[{\"@type\":\"WebPage\",\"@id\":\"https:\/\/www.abades-delasombralaluz.com\/de\/mentions-legales\/\",\"url\":\"https:\/\/www.abades-delasombralaluz.com\/de\/mentions-legales\/\",\"name\":\"Rechtliche Hinweise - Villa de la Sombra a la Luz\",\"isPartOf\":{\"@id\":\"https:\/\/www.abades-delasombralaluz.com\/es\/#website\"},\"datePublished\":\"2024-05-30T12:57:57+00:00\",\"dateModified\":\"2024-05-30T13:00:41+00:00\",\"breadcrumb\":{\"@id\":\"https:\/\/www.abades-delasombralaluz.com\/de\/mentions-legales\/#breadcrumb\"},\"inLanguage\":\"de\",\"potentialAction\":[{\"@type\":\"ReadAction\",\"target\":[\"https:\/\/www.abades-delasombralaluz.com\/de\/mentions-legales\/\"]}]},{\"@type\":\"BreadcrumbList\",\"@id\":\"https:\/\/www.abades-delasombralaluz.com\/de\/mentions-legales\/#breadcrumb\",\"itemListElement\":[{\"@type\":\"ListItem\",\"position\":1,\"name\":\"Accueil\",\"item\":\"https:\/\/www.abades-delasombralaluz.com\/de\/\"},{\"@type\":\"ListItem\",\"position\":2,\"name\":\"Rechtliche Hinweise\"}]},{\"@type\":\"WebSite\",\"@id\":\"https:\/\/www.abades-delasombralaluz.com\/es\/#website\",\"url\":\"https:\/\/www.abades-delasombralaluz.com\/es\/\",\"name\":\"Villa de la Sombra a la Luz\",\"description\":\"Location de vacances\",\"publisher\":{\"@id\":\"https:\/\/www.abades-delasombralaluz.com\/es\/#organization\"},\"potentialAction\":[{\"@type\":\"SearchAction\",\"target\":{\"@type\":\"EntryPoint\",\"urlTemplate\":\"https:\/\/www.abades-delasombralaluz.com\/es\/?s={search_term_string}\"},\"query-input\":{\"@type\":\"PropertyValueSpecification\",\"valueRequired\":true,\"valueName\":\"search_term_string\"}}],\"inLanguage\":\"de\"},{\"@type\":\"Organization\",\"@id\":\"https:\/\/www.abades-delasombralaluz.com\/es\/#organization\",\"name\":\"Villa de la Sombra a la Luz\",\"url\":\"https:\/\/www.abades-delasombralaluz.com\/es\/\",\"logo\":{\"@type\":\"ImageObject\",\"inLanguage\":\"de\",\"@id\":\"https:\/\/www.abades-delasombralaluz.com\/es\/#\/schema\/logo\/image\/\",\"url\":\"https:\/\/www.abades-delasombralaluz.com\/wp-content\/uploads\/2024\/05\/logo-villa-abades.png\",\"contentUrl\":\"https:\/\/www.abades-delasombralaluz.com\/wp-content\/uploads\/2024\/05\/logo-villa-abades.png\",\"width\":150,\"height\":120,\"caption\":\"Villa de la Sombra a la Luz\"},\"image\":{\"@id\":\"https:\/\/www.abades-delasombralaluz.com\/es\/#\/schema\/logo\/image\/\"}}]}<\/script>\n<!-- \/ Yoast SEO plugin. -->","yoast_head_json":{"title":"Rechtliche Hinweise - Villa de la Sombra a la Luz","robots":{"index":"index","follow":"follow","max-snippet":"max-snippet:-1","max-image-preview":"max-image-preview:large","max-video-preview":"max-video-preview:-1"},"canonical":"https:\/\/www.abades-delasombralaluz.com\/de\/mentions-legales\/","og_locale":"de_DE","og_type":"article","og_title":"Rechtliche Hinweise - Villa de la Sombra a la Luz","og_description":"Rechtliche Hinweise Umgang mit pers\u00f6nlichen Daten Die an &#8222;Villa de la sombra a la Luz&#8220; gesendeten E-Mails und die f\u00fcr die Zusendung zus\u00e4tzlicher Informationen verwendeten E-Mail-Adressen k\u00f6nnen gespeichert werden. Die gesammelten Informationen k\u00f6nnen Gegenstand einer elektronischen Verarbeitung sein. Gem\u00e4\u00df dem &#8222;Organgesetz Nr. 3\/2018 vom 05.12.2018 \u00fcber den Schutz personenbezogener Daten und die Gew\u00e4hrleistung digitaler Rechte&#8220; [&hellip;]","og_url":"https:\/\/www.abades-delasombralaluz.com\/de\/mentions-legales\/","og_site_name":"Villa de la Sombra a la Luz","article_modified_time":"2024-05-30T13:00:41+00:00","twitter_card":"summary_large_image","twitter_misc":{"Gesch\u00e4tzte Lesezeit":"2\u00a0Minuten"},"schema":{"@context":"https:\/\/schema.org","@graph":[{"@type":"WebPage","@id":"https:\/\/www.abades-delasombralaluz.com\/de\/mentions-legales\/","url":"https:\/\/www.abades-delasombralaluz.com\/de\/mentions-legales\/","name":"Rechtliche Hinweise - Villa de la Sombra a la Luz","isPartOf":{"@id":"https:\/\/www.abades-delasombralaluz.com\/es\/#website"},"datePublished":"2024-05-30T12:57:57+00:00","dateModified":"2024-05-30T13:00:41+00:00","breadcrumb":{"@id":"https:\/\/www.abades-delasombralaluz.com\/de\/mentions-legales\/#breadcrumb"},"inLanguage":"de","potentialAction":[{"@type":"ReadAction","target":["https:\/\/www.abades-delasombralaluz.com\/de\/mentions-legales\/"]}]},{"@type":"BreadcrumbList","@id":"https:\/\/www.abades-delasombralaluz.com\/de\/mentions-legales\/#breadcrumb","itemListElement":[{"@type":"ListItem","position":1,"name":"Accueil","item":"https:\/\/www.abades-delasombralaluz.com\/de\/"},{"@type":"ListItem","position":2,"name":"Rechtliche Hinweise"}]},{"@type":"WebSite","@id":"https:\/\/www.abades-delasombralaluz.com\/es\/#website","url":"https:\/\/www.abades-delasombralaluz.com\/es\/","name":"Villa de la Sombra a la Luz","description":"Location de vacances","publisher":{"@id":"https:\/\/www.abades-delasombralaluz.com\/es\/#organization"},"potentialAction":[{"@type":"SearchAction","target":{"@type":"EntryPoint","urlTemplate":"https:\/\/www.abades-delasombralaluz.com\/es\/?s={search_term_string}"},"query-input":{"@type":"PropertyValueSpecification","valueRequired":true,"valueName":"search_term_string"}}],"inLanguage":"de"},{"@type":"Organization","@id":"https:\/\/www.abades-delasombralaluz.com\/es\/#organization","name":"Villa de la Sombra a la Luz","url":"https:\/\/www.abades-delasombralaluz.com\/es\/","logo":{"@type":"ImageObject","inLanguage":"de","@id":"https:\/\/www.abades-delasombralaluz.com\/es\/#\/schema\/logo\/image\/","url":"https:\/\/www.abades-delasombralaluz.com\/wp-content\/uploads\/2024\/05\/logo-villa-abades.png","contentUrl":"https:\/\/www.abades-delasombralaluz.com\/wp-content\/uploads\/2024\/05\/logo-villa-abades.png","width":150,"height":120,"caption":"Villa de la Sombra a la Luz"},"image":{"@id":"https:\/\/www.abades-delasombralaluz.com\/es\/#\/schema\/logo\/image\/"}}]}},"_links":{"self":[{"href":"https:\/\/www.abades-delasombralaluz.com\/de\/wp-json\/wp\/v2\/pages\/1004","targetHints":{"allow":["GET"]}}],"collection":[{"href":"https:\/\/www.abades-delasombralaluz.com\/de\/wp-json\/wp\/v2\/pages"}],"about":[{"href":"https:\/\/www.abades-delasombralaluz.com\/de\/wp-json\/wp\/v2\/types\/page"}],"author":[{"embeddable":true,"href":"https:\/\/www.abades-delasombralaluz.com\/de\/wp-json\/wp\/v2\/users\/1"}],"replies":[{"embeddable":true,"href":"https:\/\/www.abades-delasombralaluz.com\/de\/wp-json\/wp\/v2\/comments?post=1004"}],"version-history":[{"count":0,"href":"https:\/\/www.abades-delasombralaluz.com\/de\/wp-json\/wp\/v2\/pages\/1004\/revisions"}],"wp:attachment":[{"href":"https:\/\/www.abades-delasombralaluz.com\/de\/wp-json\/wp\/v2\/media?parent=1004"}],"curies":[{"name":"wp","href":"https:\/\/api.w.org\/{rel}","templated":true}]}}